{"id":331,"date":"2022-09-08T14:13:50","date_gmt":"2022-09-08T14:13:50","guid":{"rendered":"https:\/\/www.reidesen.com\/index.php\/politique-de-confidentialite\/"},"modified":"2022-11-01T07:27:19","modified_gmt":"2022-11-01T07:27:19","slug":"politique-de-confidentialite","status":"publish","type":"page","link":"https:\/\/www.reidesen.com\/fr\/politique-de-confidentialite\/","title":{"rendered":"Politique de confidentialit\u00e9"},"content":{"rendered":"\t\t<div data-elementor-type=\"wp-page\" data-elementor-id=\"331\" class=\"elementor elementor-331 elementor-328\">\n\t\t\t\t\t\t\t<div class=\"elementor-element elementor-element-60af77f e-con-boxed e-con\" data-id=\"60af77f\" data-element_type=\"container\" data-settings=\"{&quot;content_width&quot;:&quot;boxed&quot;}\">\n\t\t\t\t\t<div class=\"e-con-inner\">\n\t\t<div class=\"elementor-element elementor-element-22e8a83 e-con-boxed e-con\" data-id=\"22e8a83\" data-element_type=\"container\" data-settings=\"{&quot;background_background&quot;:&quot;classic&quot;,&quot;content_width&quot;:&quot;boxed&quot;}\">\n\t\t\t\t\t<div class=\"e-con-inner\">\n\t\t\t\t<div class=\"elementor-element elementor-element-6b071b7 elementor-widget__width-auto elementor-widget elementor-widget-image\" data-id=\"6b071b7\" data-element_type=\"widget\" data-widget_type=\"image.default\">\n\t\t\t\t<div class=\"elementor-widget-container\">\n\t\t\t<style>\/*! elementor - v3.12.0 - 29-03-2023 *\/\n.elementor-widget-image{text-align:center}.elementor-widget-image a{display:inline-block}.elementor-widget-image a img[src$=\".svg\"]{width:48px}.elementor-widget-image img{vertical-align:middle;display:inline-block}<\/style>\t\t\t\t\t\t\t\t\t\t\t\t\t<a href=\"https:\/\/www.reidesen.com\/fr\/\">\n\t\t\t\t\t\t\t<img decoding=\"async\" src=\"https:\/\/www.reidesen.com\/wp-content\/uploads\/elementor\/thumbs\/Reidesen-pw7dlweozqx6uwf4ndhnwuhakispx5oymdcxlzgpi4.png\" title=\"Reidesen Pharma Services\" alt=\"Reidesen Pharma Services\" loading=\"lazy\" \/>\t\t\t\t\t\t\t\t<\/a>\n\t\t\t\t\t\t\t\t\t\t\t\t\t\t\t<\/div>\n\t\t\t\t<\/div>\n\t\t<div class=\"elementor-element elementor-element-8a6c138 e-con-full e-con\" data-id=\"8a6c138\" data-element_type=\"container\" data-settings=\"{&quot;content_width&quot;:&quot;full&quot;}\">\n\t\t\t\t<div class=\"elementor-element elementor-element-a192be8 elementor-nav-menu__align-right elementor-nav-menu--dropdown-none elementor-widget elementor-widget-nav-menu\" data-id=\"a192be8\" data-element_type=\"widget\" data-settings=\"{&quot;layout&quot;:&quot;horizontal&quot;,&quot;submenu_icon&quot;:{&quot;value&quot;:&quot;&lt;svg class=\\&quot;e-font-icon-svg e-fas-caret-down\\&quot; viewBox=\\&quot;0 0 320 512\\&quot; xmlns=\\&quot;http:\\\/\\\/www.w3.org\\\/2000\\\/svg\\&quot;&gt;&lt;path d=\\&quot;M31.3 192h257.3c17.8 0 26.7 21.5 14.1 34.1L174.1 354.8c-7.8 7.8-20.5 7.8-28.3 0L17.2 226.1C4.6 213.5 13.5 192 31.3 192z\\&quot;&gt;&lt;\\\/path&gt;&lt;\\\/svg&gt;&quot;,&quot;library&quot;:&quot;fa-solid&quot;}}\" data-widget_type=\"nav-menu.default\">\n\t\t\t\t<div class=\"elementor-widget-container\">\n\t\t\t<link rel=\"stylesheet\" href=\"https:\/\/www.reidesen.com\/wp-content\/plugins\/elementor-pro\/assets\/css\/widget-nav-menu.min.css\">\t\t\t<nav class=\"elementor-nav-menu--main elementor-nav-menu__container elementor-nav-menu--layout-horizontal e--pointer-none\">\n\t\t\t\t<ul id=\"menu-1-a192be8\" class=\"elementor-nav-menu\"><li class=\"menu-item wpml-ls-slot-33 wpml-ls-item wpml-ls-item-es wpml-ls-menu-item wpml-ls-first-item menu-item-type-wpml_ls_menu_item menu-item-object-wpml_ls_menu_item menu-item-wpml-ls-33-es\"><a title=\"Esp\" href=\"https:\/\/www.reidesen.com\/\" class=\"elementor-item\"><span class=\"wpml-ls-native\" lang=\"es\">Esp<\/span><\/a><\/li>\n<li class=\"menu-item wpml-ls-slot-33 wpml-ls-item wpml-ls-item-en wpml-ls-menu-item menu-item-type-wpml_ls_menu_item menu-item-object-wpml_ls_menu_item menu-item-wpml-ls-33-en\"><a title=\"Eng\" href=\"https:\/\/www.reidesen.com\/en\/\" class=\"elementor-item\"><span class=\"wpml-ls-native\" lang=\"en\">Eng<\/span><\/a><\/li>\n<li class=\"menu-item wpml-ls-slot-33 wpml-ls-item wpml-ls-item-fr wpml-ls-current-language wpml-ls-menu-item menu-item-type-wpml_ls_menu_item menu-item-object-wpml_ls_menu_item menu-item-wpml-ls-33-fr\"><a title=\"Fr\" href=\"https:\/\/www.reidesen.com\/fr\/\" class=\"elementor-item\"><span class=\"wpml-ls-native\" lang=\"fr\">Fr<\/span><\/a><\/li>\n<li class=\"menu-item wpml-ls-slot-33 wpml-ls-item wpml-ls-item-ca wpml-ls-menu-item wpml-ls-last-item menu-item-type-wpml_ls_menu_item menu-item-object-wpml_ls_menu_item menu-item-wpml-ls-33-ca\"><a title=\"Cat\" href=\"https:\/\/www.reidesen.com\/ca\/\" class=\"elementor-item\"><span class=\"wpml-ls-native\" lang=\"ca\">Cat<\/span><\/a><\/li>\n<\/ul>\t\t\t<\/nav>\n\t\t\t\t\t\t<nav class=\"elementor-nav-menu--dropdown elementor-nav-menu__container\" aria-hidden=\"true\">\n\t\t\t\t<ul id=\"menu-2-a192be8\" class=\"elementor-nav-menu\"><li class=\"menu-item wpml-ls-slot-33 wpml-ls-item wpml-ls-item-es wpml-ls-menu-item wpml-ls-first-item menu-item-type-wpml_ls_menu_item menu-item-object-wpml_ls_menu_item menu-item-wpml-ls-33-es\"><a title=\"Esp\" href=\"https:\/\/www.reidesen.com\/\" class=\"elementor-item\" tabindex=\"-1\"><span class=\"wpml-ls-native\" lang=\"es\">Esp<\/span><\/a><\/li>\n<li class=\"menu-item wpml-ls-slot-33 wpml-ls-item wpml-ls-item-en wpml-ls-menu-item menu-item-type-wpml_ls_menu_item menu-item-object-wpml_ls_menu_item menu-item-wpml-ls-33-en\"><a title=\"Eng\" href=\"https:\/\/www.reidesen.com\/en\/\" class=\"elementor-item\" tabindex=\"-1\"><span class=\"wpml-ls-native\" lang=\"en\">Eng<\/span><\/a><\/li>\n<li class=\"menu-item wpml-ls-slot-33 wpml-ls-item wpml-ls-item-fr wpml-ls-current-language wpml-ls-menu-item menu-item-type-wpml_ls_menu_item menu-item-object-wpml_ls_menu_item menu-item-wpml-ls-33-fr\"><a title=\"Fr\" href=\"https:\/\/www.reidesen.com\/fr\/\" class=\"elementor-item\" tabindex=\"-1\"><span class=\"wpml-ls-native\" lang=\"fr\">Fr<\/span><\/a><\/li>\n<li class=\"menu-item wpml-ls-slot-33 wpml-ls-item wpml-ls-item-ca wpml-ls-menu-item wpml-ls-last-item menu-item-type-wpml_ls_menu_item menu-item-object-wpml_ls_menu_item menu-item-wpml-ls-33-ca\"><a title=\"Cat\" href=\"https:\/\/www.reidesen.com\/ca\/\" class=\"elementor-item\" tabindex=\"-1\"><span class=\"wpml-ls-native\" lang=\"ca\">Cat<\/span><\/a><\/li>\n<\/ul>\t\t\t<\/nav>\n\t\t\t\t<\/div>\n\t\t\t\t<\/div>\n\t\t\t\t<div class=\"elementor-element elementor-element-f07bd9b elementor-widget__width-auto elementor-view-default elementor-widget elementor-widget-icon\" data-id=\"f07bd9b\" data-element_type=\"widget\" data-widget_type=\"icon.default\">\n\t\t\t\t<div class=\"elementor-widget-container\">\n\t\t\t\t\t<div class=\"elementor-icon-wrapper\">\n\t\t\t<a class=\"elementor-icon\" href=\"https:\/\/www.linkedin.com\/company\/orbital-pharma\/\" target=\"_blank\" rel=\"noopener\">\n\t\t\t<svg aria-hidden=\"true\" class=\"e-font-icon-svg e-fab-linkedin\" viewBox=\"0 0 448 512\" xmlns=\"http:\/\/www.w3.org\/2000\/svg\"><path d=\"M416 32H31.9C14.3 32 0 46.5 0 64.3v383.4C0 465.5 14.3 480 31.9 480H416c17.6 0 32-14.5 32-32.3V64.3c0-17.8-14.4-32.3-32-32.3zM135.4 416H69V202.2h66.5V416zm-33.2-243c-21.3 0-38.5-17.3-38.5-38.5S80.9 96 102.2 96c21.2 0 38.5 17.3 38.5 38.5 0 21.3-17.2 38.5-38.5 38.5zm282.1 243h-66.4V312c0-24.8-.5-56.7-34.5-56.7-34.6 0-39.9 27-39.9 54.9V416h-66.4V202.2h63.7v29.2h.9c8.9-16.8 30.6-34.5 62.9-34.5 67.2 0 79.7 44.3 79.7 101.9V416z\"><\/path><\/svg>\t\t\t<\/a>\n\t\t<\/div>\n\t\t\t\t<\/div>\n\t\t\t\t<\/div>\n\t\t\t\t<\/div>\n\t\t\t\t\t<\/div>\n\t\t\t\t<\/div>\n\t\t<div class=\"elementor-element elementor-element-103feac e-con-full e-con\" data-id=\"103feac\" data-element_type=\"container\" data-settings=\"{&quot;content_width&quot;:&quot;full&quot;}\">\n\t\t\t\t<div class=\"elementor-element elementor-element-07c168e elementor-widget elementor-widget-heading\" data-id=\"07c168e\" data-element_type=\"widget\" data-widget_type=\"heading.default\">\n\t\t\t\t<div class=\"elementor-widget-container\">\n\t\t\t<style>\/*! elementor - v3.12.0 - 29-03-2023 *\/\n.elementor-heading-title{padding:0;margin:0;line-height:1}.elementor-widget-heading .elementor-heading-title[class*=elementor-size-]>a{color:inherit;font-size:inherit;line-height:inherit}.elementor-widget-heading .elementor-heading-title.elementor-size-small{font-size:15px}.elementor-widget-heading .elementor-heading-title.elementor-size-medium{font-size:19px}.elementor-widget-heading .elementor-heading-title.elementor-size-large{font-size:29px}.elementor-widget-heading .elementor-heading-title.elementor-size-xl{font-size:39px}.elementor-widget-heading .elementor-heading-title.elementor-size-xxl{font-size:59px}<\/style><h1 class=\"elementor-heading-title elementor-size-default\">AVIS JURIDIQUE, CONDITIONS G\u00c9N\u00c9RALES D'UTILISATION ET POLITIQUE EN MATI\u00c8RE DE COOKIES<\/h1>\t\t<\/div>\n\t\t\t\t<\/div>\n\t\t\t\t<div class=\"elementor-element elementor-element-ca2d63b elementor-widget elementor-widget-text-editor\" data-id=\"ca2d63b\" data-element_type=\"widget\" data-widget_type=\"text-editor.default\">\n\t\t\t\t<div class=\"elementor-widget-container\">\n\t\t\t<style>\/*! elementor - v3.12.0 - 29-03-2023 *\/\n.elementor-widget-text-editor.elementor-drop-cap-view-stacked .elementor-drop-cap{background-color:#69727d;color:#fff}.elementor-widget-text-editor.elementor-drop-cap-view-framed .elementor-drop-cap{color:#69727d;border:3px solid;background-color:transparent}.elementor-widget-text-editor:not(.elementor-drop-cap-view-default) .elementor-drop-cap{margin-top:8px}.elementor-widget-text-editor:not(.elementor-drop-cap-view-default) .elementor-drop-cap-letter{width:1em;height:1em}.elementor-widget-text-editor .elementor-drop-cap{float:left;text-align:center;line-height:1;font-size:50px}.elementor-widget-text-editor .elementor-drop-cap-letter{display:inline-block}<\/style>\t\t\t\t<p><b style=\"color: var( --e-global-color-2cd2714 ); text-align: var(--text-align); font-size: 1rem;\">1. INFORMATIONS G\u00c9N\u00c9RALES<\/b><\/p>\n<p>Conform\u00e9ment au devoir d&rsquo;information pr\u00e9vu par la loi 34\/2002 sur les services de la soci\u00e9t\u00e9 de l&rsquo;information et le commerce \u00e9lectronique (LSSI-CE), du 11 juillet, les donn\u00e9es g\u00e9n\u00e9rales de ce site web sont pr\u00e9sent\u00e9es ci-dessous : La propri\u00e9t\u00e9 de ce site web, www.reidesen.com, (dor\u00e9navant, site web) appartient \u00e0 : Reidesen Pharma Services SL, avec NIF : B64154370 et e-mail de contact : info@reidesen.com.<\/p>\n<\/p>\n<p><b>2. CONDITIONS G\u00c9N\u00c9RALES D&rsquo;UTILISATION  <\/b><\/p>\n<p><b>L&rsquo;objet des conditions : le site web  <\/b><\/p>\n<p>Les pr\u00e9sentes conditions g\u00e9n\u00e9rales d&rsquo;utilisation (ci-apr\u00e8s, les conditions) ont pour objet de r\u00e9glementer l&rsquo;acc\u00e8s au site web et son utilisation.<\/p>\n<p>\u00c0 ces fins, on entend par site web : l&rsquo;aspect ext\u00e9rieur des interfaces de visualisation, tant statique que dynamique, c&rsquo;est-\u00e0-dire l&rsquo;arbre de navigation ; et tous les \u00e9l\u00e9ments incorpor\u00e9s tant dans les interfaces de visualisation dans l&rsquo;arbre de navigation (ci-apr\u00e8s, les contenus) et tous ces services ou ressources dans l&rsquo;arbre de navigation (ci-apr\u00e8s, les contenus) et tous ces services ou ressources dans l&rsquo;arbre de navigation (ci-apr\u00e8s, les contenus).  <b>Reidesen<\/b> se r\u00e9serve le droit de modifier, \u00e0 tout moment et sans pr\u00e9avis, la pr\u00e9sentation et la configuration du site web ainsi que les contenus et services qui pourraient y \u00eatre incorpor\u00e9s.<\/p>\n<p>L&rsquo;utilisateur reconna\u00eet et accepte que, \u00e0 tout moment, <span style=\"font-weight: bold; font-size: 16px; font-style: normal;\">Reidesen<\/span> pourra interrompre, d\u00e9sactiver et\/ou annuler n&rsquo;importe lequel des \u00e9l\u00e9ments qui se trouvent sur le site web ou acc\u00e9der \u00e0 celui-ci.<\/p>\n<p>L&rsquo;acc\u00e8s au site web par l&rsquo;utilisateur est gratuit et, en r\u00e8gle g\u00e9n\u00e9rale, il est gratuit sans que l&rsquo;utilisateur ait \u00e0 payer une quelconque contrepartie pour en b\u00e9n\u00e9ficier, \u00e0 l&rsquo;exception du co\u00fbt de la connexion \u00e0 travers le r\u00e9seau de t\u00e9l\u00e9communications fourni par le fournisseur d&rsquo;acc\u00e8s auquel l&rsquo;utilisateur s&rsquo;est abonn\u00e9.<\/p>\n<p>L&rsquo;utilisation de l&rsquo;un des contenus ou services du site web peut se faire par le biais d&rsquo;une inscription ou d&rsquo;un enregistrement pr\u00e9alable de l&rsquo;utilisateur.<\/p>\n<p><b>L&rsquo;utilisateur  <\/b><\/p>\n<p>L&rsquo;acc\u00e8s, la navigation et l&rsquo;utilisation du site Web conf\u00e8rent la qualit\u00e9 d&rsquo;utilisateur, pour laquelle vous acceptez, d\u00e8s que vous commencez \u00e0 naviguer sur le site Web, toutes les conditions qui y sont \u00e9nonc\u00e9es, ainsi que toute modification ult\u00e9rieure, sans pr\u00e9judice de l&rsquo;application des r\u00e9glementations l\u00e9gales correspondantes le cas \u00e9ch\u00e9ant.  <span style=\"font-size: 16px; font-family: var( --e-global-typography-text-font-family ); letter-spacing: var( --e-global-typography-text-letter-spacing );\">Compte tenu de la pertinence de ce qui pr\u00e9c\u00e8de, il est conseill\u00e9 \u00e0 l&rsquo;utilisateur de les lire \u00e0 chaque fois qu&rsquo;il visite le site web.  <\/span><\/p>\n<p><span style=\"font-size: 16px; font-family: var( --e-global-typography-text-font-family ); letter-spacing: var( --e-global-typography-text-letter-spacing );\">Le site web de <\/span><span style=\"font-weight: bold; font-size: 16px; font-style: normal;\">Reidesen<\/span><span style=\"font-size: 16px; font-family: var( --e-global-typography-text-font-family ); letter-spacing: var( --e-global-typography-text-letter-spacing );\">  offre un large \u00e9ventail d&rsquo;informations, de services et de donn\u00e9es. L&rsquo;utilisateur assume la responsabilit\u00e9 de l&rsquo;utilisation correcte du site web.  <\/span><\/p>\n<p><span style=\"font-size: 16px; font-family: var( --e-global-typography-text-font-family ); letter-spacing: var( --e-global-typography-text-letter-spacing );\">Cette responsabilit\u00e9 s&rsquo;\u00e9tend \u00e0 :  <\/span><\/p>\n<ul>\n<li><span style=\"font-size: 16px; font-family: var( --e-global-typography-text-font-family ); letter-spacing: var( --e-global-typography-text-letter-spacing );\">L&rsquo;utilisation des informations, du contenu et\/ou des services et donn\u00e9es propos\u00e9s par  <span style=\"font-weight: bold; font-family: 'Open Sans', sans-serif; font-size: 16px; font-style: normal;\">Reidesen<\/span>  sans \u00eatre contraire aux dispositions des pr\u00e9sentes conditions, \u00e0 la loi, \u00e0 la morale ou \u00e0 l&rsquo;ordre public, ou qui, de toute autre mani\u00e8re, peut causer des dommages aux droits des tiers ou au fonctionnement du site web.  <\/span><\/li>\n<li><span style=\"font-size: 16px; font-family: var( --e-global-typography-text-font-family ); letter-spacing: var( --e-global-typography-text-letter-spacing );\">La v\u00e9racit\u00e9 et la l\u00e9galit\u00e9 des informations facilit\u00e9es par l&rsquo;utilisateur dans les formulaires \u00e9tendus par <span style=\"font-weight: bold; font-family: 'Open Sans', sans-serif; font-size: 16px; font-style: normal;\">Reidesen<\/span> pour l&rsquo;acc\u00e8s \u00e0 certains contenus ou services offerts par le site web.<\/span><\/li>\n<\/ul>\n<div><span style=\"font-family: Roboto;\"> <\/span><\/div>\n<p><span style=\"font-size: 16px; font-family: var( --e-global-typography-text-font-family ); letter-spacing: var( --e-global-typography-text-letter-spacing );\">Dans tous les cas, l&rsquo;utilisateur doit imm\u00e9diatement notifier au <\/span><span style=\"font-weight: bold; font-size: 16px; font-style: normal;\">Reidesen<\/span><span style=\"font-size: 16px; font-family: var( --e-global-typography-text-font-family ); letter-spacing: var( --e-global-typography-text-letter-spacing );\"> tout \u00e9v\u00e9nement permettant l&rsquo;utilisation abusive des informations enregistr\u00e9es dans ces formulaires, comme, entre autres, le vol, la perte ou l&rsquo;acc\u00e8s non autoris\u00e9 aux identifiants et\/ou mots de passe, afin de proc\u00e9der \u00e0 leur annulation imm\u00e9diate. <\/span> <\/p>\n<p><span style=\"font-size: 16px; font-family: var( --e-global-typography-text-font-family ); letter-spacing: var( --e-global-typography-text-letter-spacing );\">Le simple acc\u00e8s \u00e0 ce site web n&rsquo;implique pas l&rsquo;existence d&rsquo;une quelconque relation commerciale entre <\/span><span style=\"font-weight: bold; font-size: 16px; font-style: normal;\">Reidesen<\/span><span style=\"font-size: 16px; font-family: var( --e-global-typography-text-font-family ); letter-spacing: var( --e-global-typography-text-letter-spacing );\">  et l&rsquo;utilisateur. Conform\u00e9ment \u00e0 la l\u00e9gislation en vigueur, ce site web de  <\/span><span style=\"font-weight: bold; font-size: 16px; font-style: normal;\">Reidesen<\/span><span style=\"font-size: 16px; font-family: var( --e-global-typography-text-font-family ); letter-spacing: var( --e-global-typography-text-letter-spacing );\"> s&rsquo;adresse \u00e0 toutes les personnes, quel que soit leur \u00e2ge, qui peuvent acc\u00e9der et\/ou naviguer sur les pages du site web. <\/span> <\/p>\n<p><span style=\"font-size: 16px; font-family: var( --e-global-typography-text-font-family ); letter-spacing: var( --e-global-typography-text-letter-spacing );\"> <\/span><\/p>\n<p><b>3. L&rsquo;ACC\u00c8S ET LA NAVIGATION SUR LE SITE WEB : EXCLUSION DES GARANTIES ET DE LA RESPONSABILIT\u00c9  <\/b><\/p>\n<p>Nous ne garantissons pas la continuit\u00e9, la disponibilit\u00e9 et l&rsquo;utilit\u00e9 du site web, ni de ses contenus ou services. <span style=\"font-weight: bold; font-size: 16px; font-style: normal;\">Reidesen<\/span> s&rsquo;efforcera de faire fonctionner correctement le site web, mais n&rsquo;est pas responsable ni ne garantit que l&rsquo;acc\u00e8s \u00e0 ce site web ne soit pas ininterrompu ou sans erreur.<\/p>\n<p>Elle n&rsquo;est pas non plus responsable et ne garantit pas que les contenus ou les logiciels auxquels il est possible d&rsquo;acc\u00e9der par l&rsquo;interm\u00e9diaire de ce site web soient exempts d&rsquo;erreurs ou causent des dommages au syst\u00e8me informatique de l&rsquo;utilisateur (logiciel et mat\u00e9riel). En aucun cas, <span style=\"font-weight: bold; font-size: 16px; font-style: normal;\">Reidesen<\/span> ne sera responsable des pertes, dommages ou pr\u00e9judices de toute nature r\u00e9sultant de l&rsquo;acc\u00e8s, de la navigation et de l&rsquo;utilisation du site web, y compris, mais sans s&rsquo;y limiter, ceux caus\u00e9s aux syst\u00e8mes informatiques ou ceux caus\u00e9s par l&rsquo;introduction de virus.<\/p>\n<p><span style=\"font-size: 16px; font-style: normal; font-weight: bold; background-color: var(--ast-global-color-5);\">Reidesen<\/span> ne sera pas responsable des dommages ou pr\u00e9judices qui pourraient \u00eatre caus\u00e9s aux utilisateurs en raison de l&rsquo;utilisation inappropri\u00e9e de ce site web. En particulier, les t\u00e9l\u00e9communications ne sont en aucun cas responsables des pannes, changements, d\u00e9faillances ou d\u00e9fauts qui peuvent survenir.<\/p>\n<\/p>\n<p><b>4. POLITIQUE DE CONFIDENTIALIT\u00c9 ET DE PROTECTION DES DONN\u00c9ES<\/b><\/p>\n<p>Conform\u00e9ment aux dispositions de la l\u00e9gislation en vigueur, <span style=\"font-weight: bold; font-size: 16px; font-style: normal;\">Reidesen<\/span> s&rsquo;engage \u00e0 adopter les mesures techniques et organisationnelles suivantes, en fonction du niveau de s\u00e9curit\u00e9 appropri\u00e9 au risque des donn\u00e9es collect\u00e9es.<\/p>\n<\/p>\n<p><b>Lois qui incorporent cette politique de confidentialit\u00e9  <\/b><\/p>\n<p>Cette politique de confidentialit\u00e9 est adapt\u00e9e \u00e0 la l\u00e9gislation espagnole et europ\u00e9enne en vigueur en mati\u00e8re de protection des donn\u00e9es personnelles sur Internet. En particulier, il est conforme aux normes suivantes :<\/p>\n<ul>\n<li>R\u00e8glement (UE) 2016\/679 du Parlement europ\u00e9en et du Conseil du 27 avril 2016 relatif \u00e0 la protection des personnes physiques \u00e0 l&rsquo;\u00e9gard du traitement des donn\u00e9es \u00e0 caract\u00e8re personnel et \u00e0 la libre circulation de ces donn\u00e9es (GDPR).<\/li>\n<li>Loi organique 3\/2018, du 5 d\u00e9cembre, sur la protection des donn\u00e9es personnelles et la garantie des droits num\u00e9riques (LOPD-GDD).<\/li>\n<li>D\u00e9cret royal 1720\/2007, du 21 d\u00e9cembre, approuvant l&rsquo;E-Eclamentoon pour le d\u00e9veloppement de la loi organique 15\/1999, du 13 d\u00e9cembre, sur la protection des donn\u00e9es personnelles (RDLOPD).<\/li>\n<li>Loi 34\/2002, du 11 juillet, sur les services de la soci\u00e9t\u00e9 de l&rsquo;information et le commerce \u00e9lectronique (LSSI-CE).<\/li>\n<\/ul>\n<div> <\/div>\n<p><b>Identit\u00e9 du responsable du traitement des donn\u00e9es \u00e0 caract\u00e8re personnel<\/b><\/p>\n<p>Le responsable du traitement des donn\u00e9es personnelles collect\u00e9es \u00e0 <span style=\"font-weight: bold; font-size: 16px; font-style: normal;\">Reidesen<\/span> est : Reidesen Pharma Services SL, avec NIF : B64154370 (ci-apr\u00e8s \u00e9galement responsable du traitement). Courriel de contact : info@reidesen.com.<\/p>\n<p><b style=\"color: var( --e-global-color-2cd2714 ); text-align: var(--text-align); font-size: 1rem;\"><br \/>Enregistrement des donn\u00e9es personnelles<\/b><\/p>\n<p>Conform\u00e9ment aux dispositions du RGPD et de la LOPD-GDD, nous vous informons que les donn\u00e9es personnelles collect\u00e9es par  <span style=\"font-weight: bold; font-size: 16px; font-style: normal;\">Reidesen<\/span>  \u00e0 travers les formulaires inclus dans leurs pages seront incorpor\u00e9s et trait\u00e9s dans nos fichiers afin de faciliter, acc\u00e9l\u00e9rer et remplir les engagements \u00e9tablis entre  <span style=\"font-weight: bold; font-size: 16px; font-style: normal;\">Reidesen<\/span>  et l&rsquo;utilisateur ou l&rsquo;entretien de la partie qui figure dans les formulaires qui la remplissent, ou pour assister \u00e0 une demande ou \u00e0 une consultation de celle-ci.<\/p>\n<p><b>Principes applicables au traitement des donn\u00e9es \u00e0 caract\u00e8re personnel  <\/b><\/p>\n<p>Le traitement des donn\u00e9es personnelles de l&rsquo;utilisateur est soumis aux principes suivants \u00e9nonc\u00e9s \u00e0 l&rsquo;article 5 du RGPD :<\/p>\n<ul>\n<li>Principe de l\u00e9galit\u00e9, d&rsquo;\u00e9quit\u00e9 et de transparence : le consentement de l&rsquo;utilisateur sera requis \u00e0 tout moment, apr\u00e8s une information totalement transparente sur les finalit\u00e9s pour lesquelles les donn\u00e9es personnelles sont collect\u00e9es.<\/li>\n<li>Principe de limitation des finalit\u00e9s : les donn\u00e9es \u00e0 caract\u00e8re personnel sont collect\u00e9es pour des finalit\u00e9s d\u00e9termin\u00e9es, explicites et l\u00e9gitimes.<\/li>\n<li>Principe de minimisation des donn\u00e9es : Les donn\u00e9es personnelles collect\u00e9es seront uniquement celles qui sont strictement n\u00e9cessaires au regard des finalit\u00e9s pour lesquelles elles sont trait\u00e9es.<\/li>\n<li>Principe d&rsquo;exactitude : les donn\u00e9es personnelles doivent \u00eatre exactes et seront toujours mises \u00e0 jour.<\/li>\n<li>Principe de limitation de la dur\u00e9e de conservation : les donn\u00e9es \u00e0 caract\u00e8re personnel ne sont conserv\u00e9es sous une forme permettant l&rsquo;identification de l&rsquo;utilisateur que pendant la dur\u00e9e n\u00e9cessaire aux finalit\u00e9s du traitement.<\/li>\n<li>Principe d&rsquo;int\u00e9grit\u00e9 : les donn\u00e9es \u00e0 caract\u00e8re personnel sont trait\u00e9es d&rsquo;une mani\u00e8re qui garantit leur s\u00e9curit\u00e9 et leur confidentialit\u00e9.<\/li>\n<li>Principe de responsabilit\u00e9 proactive : le responsable du traitement est charg\u00e9 de veiller au respect des principes susmentionn\u00e9s.<\/li>\n<\/ul>\n<div> <\/div>\n<p><b>Cat\u00e9gories de donn\u00e9es \u00e0 caract\u00e8re personnel  <\/b><\/p>\n<p>Les cat\u00e9gories de donn\u00e9es trait\u00e9es par <span style=\"font-weight: bold; font-size: 16px; font-style: normal;\">Reidesen<\/span> sont uniquement des donn\u00e9es d&rsquo;identification. En aucun cas, des cat\u00e9gories particuli\u00e8res de donn\u00e9es personnelles au sens de l&rsquo;article 9 du RGPD ne seront trait\u00e9es.<\/p>\n<p><b>Base juridique du traitement des donn\u00e9es \u00e0 caract\u00e8re personnel<\/b><\/p>\n<p>La base juridique du traitement des donn\u00e9es personnelles est le consentement. <span style=\"font-weight: bold; font-size: 16px; font-style: normal;\">Reidesen<\/span> s&rsquo;engage \u00e0 obtenir le consentement expr\u00e8s et v\u00e9rifiable de l&rsquo;utilisateur pour le traitement de ses donn\u00e9es personnelles dans un but pr\u00e9cis.<\/p>\n<p>Les utilisateurs ont le droit de retirer leur consentement \u00e0 tout moment. Il sera aussi facile de retirer son consentement que de le donner. En r\u00e8gle g\u00e9n\u00e9rale, le retrait du consentement ne d\u00e9termine pas l&rsquo;utilisation du site web.<\/p>\n<p>Aux moments o\u00f9 l&rsquo;utilisateur a ou peut fournir ses donn\u00e9es \u00e0 travers des formulaires de consultation, de demande d&rsquo;information ou pour des raisons li\u00e9es au contenu du site web, nous vous informerons si l&rsquo;accomplissement de l&rsquo;un d&rsquo;entre eux est obligatoirement n\u00e9cessaire pour le bon d\u00e9roulement de l&rsquo;op\u00e9ration effectu\u00e9e.<\/p>\n<p><b>Finalit\u00e9s du traitement auquel les donn\u00e9es personnelles sont destin\u00e9es  <\/b><\/p>\n<p>Les donn\u00e9es personnelles sont collect\u00e9es et g\u00e9r\u00e9es par <span style=\"font-weight: bold; font-size: 16px; font-style: normal;\">Reidesen<\/span> afin de faciliter, d&rsquo;acc\u00e9l\u00e9rer et de faciliter l&rsquo;ex\u00e9cution des engagements \u00e9tablis entre le site web et l&rsquo;utilisateur ou le maintien de la relation \u00e9tablie dans les formulaires remplis ou lors d&rsquo;une demande ou d&rsquo;une consultation.<\/p>\n<p>Les donn\u00e9es peuvent \u00e9galement \u00eatre utilis\u00e9es \u00e0 des fins commerciales de personnalisation, d&rsquo;exploitation et de statistiques, ainsi que pour des activit\u00e9s relevant de l&rsquo;objet social de l&rsquo;entreprise.  <span style=\"font-weight: bold; font-size: 16px; font-style: normal;\">Reidesen<\/span><span style=\"font-size: 16px; font-style: normal; font-weight: 400;\">,<\/span>  ainsi que pour l&rsquo;extraction, le stockage de donn\u00e9es et les \u00e9tudes de marketing ou pour adapter les contenus propos\u00e9s \u00e0 l&rsquo;utilisateur, ainsi que pour am\u00e9liorer la qualit\u00e9, le fonctionnement et la navigation du site web.<\/p>\n<p>Au moment de la collecte des donn\u00e9es \u00e0 caract\u00e8re personnel, l&rsquo;utilisateur sera inform\u00e9 de la ou des finalit\u00e9s sp\u00e9cifiques du traitement pour lequel les donn\u00e9es \u00e0 caract\u00e8re personnel seront utilis\u00e9es, c&rsquo;est-\u00e0-dire de l&rsquo;utilisation ou des utilisations qui seront faites des informations collect\u00e9es.<\/p>\n<p><b>D\u00e9lais de conservation des donn\u00e9es personnelles<\/b><\/p>\n<p>Les donn\u00e9es personnelles ne seront conserv\u00e9es que pendant la dur\u00e9e minimale n\u00e9cessaire \u00e0 la finalit\u00e9 de leur traitement et, en tout \u00e9tat de cause, uniquement jusqu&rsquo;\u00e0 ce que l&rsquo;utilisateur demande leur suppression.<\/p>\n<p><b>Destinataires des donn\u00e9es \u00e0 caract\u00e8re personnel<\/b><\/p>\n<p>Les donn\u00e9es personnelles de l&rsquo;utilisateur ne seront pas partag\u00e9es avec des tiers.<\/p>\n<p>En tout \u00e9tat de cause, l&rsquo;utilisateur sera inform\u00e9 des destinataires ou des cat\u00e9gories de destinataires des donn\u00e9es \u00e0 caract\u00e8re personnel au moment de la collecte des donn\u00e9es \u00e0 caract\u00e8re personnel, sinon pour quelque raison que ce soit.<\/p>\n<p><b>Secret et s\u00e9curit\u00e9 des donn\u00e9es personnelles<\/b><\/p>\n<p><span style=\"font-size: 16px; font-style: normal; font-weight: bold; background-color: var(--ast-global-color-5);\">Reidesen<\/span>  s&rsquo;engage \u00e0 adopter les mesures techniques et organisationnelles n\u00e9cessaires, en fonction du niveau de s\u00e9curit\u00e9 adapt\u00e9 au risque des donn\u00e9es collect\u00e9es, afin de garantir la s\u00e9curit\u00e9 des donn\u00e9es \u00e0 caract\u00e8re personnel et d&#8217;emp\u00eacher la destruction, la perte ou l&rsquo;alt\u00e9ration accidentelle ou illicite des donn\u00e9es \u00e0 caract\u00e8re personnel transmises, stock\u00e9es ou trait\u00e9es, ainsi que la communication ou l&rsquo;acc\u00e8s non autoris\u00e9 \u00e0 ces donn\u00e9es.<\/p>\n<p>Le site web dispose d&rsquo;un certificat SSL (Secure Socket Layer) qui garantit que les donn\u00e9es personnelles sont transmises de mani\u00e8re s\u00fbre et confidentielle, la transmission des donn\u00e9es entre le serveur et l&rsquo;utilisateur, et en retour, \u00e9tant enti\u00e8rement crypt\u00e9e ou cod\u00e9e.<\/p>\n<p>Cependant, comme le souligne <span style=\"font-weight: bold; font-size: 16px; font-style: normal;\">Reidesen<\/span>  ne peut pas garantir l&rsquo;impr\u00e9gnabilit\u00e9 d&rsquo;Internet et l&rsquo;absence totale de pirates informatiques ou d&rsquo;autres personnes dont il s&rsquo;av\u00e8re qu&rsquo;elles acc\u00e8dent frauduleusement \u00e0 des donn\u00e9es \u00e0 caract\u00e8re personnel, le responsable du traitement s&rsquo;engage \u00e0 notifier l&rsquo;utilisateur sans retard excessif lorsqu&rsquo;il existe une violation de la s\u00e9curit\u00e9 des donn\u00e9es \u00e0 caract\u00e8re personnel impliquant un risque \u00e9lev\u00e9 pour les droits et libert\u00e9s de l&rsquo;article 4 du RGPD, violation de la s\u00e9curit\u00e9 des donn\u00e9es \u00e0 caract\u00e8re personnel : toute violation de la s\u00e9curit\u00e9 caus\u00e9e par la destruction, la perte ou l&rsquo;alt\u00e9ration accidentelle ou illicite de donn\u00e9es \u00e0 caract\u00e8re personnel transmises, stock\u00e9es ou trait\u00e9es d&rsquo;une autre mani\u00e8re, ou par la communication ou l&rsquo;acc\u00e8s non autoris\u00e9 \u00e0 ces donn\u00e9es.<\/p>\n<p>Les donn\u00e9es personnelles seront trait\u00e9es en tant qu&rsquo;actionnaire par le contr\u00f4leur, qui s&rsquo;engage \u00e0 informer et \u00e0 assurer par une obligation l\u00e9gale ou contractuelle que cette confidentialit\u00e9 est respect\u00e9e par ses employ\u00e9s, associ\u00e9s et toute personne \u00e0 l&rsquo;utilisateur &lsquo; acc\u00e8de \u00e0 l&rsquo;information.<\/p>\n<p><b>Droits d\u00e9coulant du traitement des donn\u00e9es \u00e0 caract\u00e8re personnel<\/b><\/p>\n<p>L&rsquo;utilisateur dispose \u00e0 <span style=\"font-weight: bold; font-size: 16px; font-style: normal;\">Reidesen<\/span> et, par cons\u00e9quent, peut exercer contre le responsable les droits suivants reconnus dans le RGPD :<\/p>\n<ul>\n<li>Droit d&rsquo;acc\u00e8s : il s&rsquo;agit du droit de l&rsquo;utilisateur d&rsquo;obtenir la confirmation de ce qui suit  <span style=\"font-weight: bold; font-size: 16px; font-style: normal;\">Reidesen<\/span>  traite ses donn\u00e9es personnelles et, dans l&rsquo;affirmative, d&rsquo;obtenir des informations sur ses donn\u00e9es personnelles sp\u00e9cifiques et sur le traitement qui en est fait.  <span style=\"font-weight: bold; font-size: 16px; font-style: normal;\">Reidesen<\/span>  a effectu\u00e9 ou effectue, ainsi que, entre autres, les informations disponibles sur l&rsquo;origine de ces donn\u00e9es et les destinataires des communications effectu\u00e9es ou fournies avec ces donn\u00e9es.<\/li>\n<li>Droit de rectification : Le droit de l&rsquo;utilisateur de modifier ses donn\u00e9es personnelles qui sont inexactes, en tenant compte des objectifs du traitement, incomplet.<\/li>\n<li>Droit \u00e0 l&rsquo;effacement (\u00ab\u00a0droit \u00e0 l&rsquo;oubli\u00a0\u00bb) : L&rsquo;utilisateur a le droit, sauf disposition contraire de la loi, d&rsquo;obtenir la suppression de ses donn\u00e9es.<\/li>\n<li>Droit \u00e0 la limitation du traitement : il s&rsquo;agit du droit de l&rsquo;utilisateur de limiter le traitement de ses donn\u00e9es personnelles. L&rsquo;utilisateur a le droit d&rsquo;obtenir la limitation du traitement lorsqu&rsquo;il conteste la v\u00e9racit\u00e9 de ses donn\u00e9es personnelles ; le traitement est ill\u00e9gal ; le responsable du traitement n&rsquo;a plus besoin des donn\u00e9es personnelles, mais l&rsquo;utilisateur en a besoin pour des r\u00e9clamations ; et lorsque l&rsquo;utilisateur s&rsquo;est oppos\u00e9 au traitement.<\/li>\n<li>Droit \u00e0 la portabilit\u00e9 des donn\u00e9es : Lorsque le traitement est effectu\u00e9 par des moyens automatis\u00e9s, l&rsquo;utilisateur a le droit de recevoir du responsable du traitement ses donn\u00e9es personnelles dans un format structur\u00e9, couramment utilis\u00e9 et mesur\u00e9 et de les transmettre \u00e0 un autre responsable du traitement. Lorsque cela est techniquement possible, le responsable du traitement transmet les donn\u00e9es directement \u00e0 cet autre responsable du traitement.<\/li>\n<li>Droit d&rsquo;opposition : il s&rsquo;agit du droit de l&rsquo;utilisateur de ne pas voir ses donn\u00e9es personnelles trait\u00e9es ou d&#8217;emp\u00eacher le traitement de ces donn\u00e9es par <span style=\"font-weight: bold; font-size: 16px; font-style: normal;\">Reidesen<\/span>.<\/li>\n<li>Droit de ne pas faire l&rsquo;objet d&rsquo;une d\u00e9cision fond\u00e9e uniquement sur un traitement automatis\u00e9, y compris le profilage : Le droit de l&rsquo;utilisateur de ne pas faire l&rsquo;objet d&rsquo;une d\u00e9cision individualis\u00e9e fond\u00e9e uniquement sur un traitement automatis\u00e9 de donn\u00e9es \u00e0 caract\u00e8re personnel, y compris le profilage.<\/li>\n<\/ul>\n<div> <\/div>\n<p>Ainsi, l&rsquo;utilisateur peut exercer ses droits au moyen d&rsquo;une communication \u00e9crite adress\u00e9e au responsable de la r\u00e9f\u00e9rence \u00ab\u00a0RGPD-www.<span style=\"font-size: 16px; font-style: normal; font-weight: 400;\">reidesen.com<\/span>\u00ab\u00a0, en pr\u00e9cisant :<\/p>\n<ul>\n<li>Pr\u00e9nom, nom de famille de l&rsquo;utilisateur et copie de la carte d&rsquo;identit\u00e9.<\/li>\n<li>Dans les cas o\u00f9 la repr\u00e9sentation est autoris\u00e9e, il sera \u00e9galement n\u00e9cessaire de s&rsquo;identifier par les m\u00eames voies que la personne qui repr\u00e9sente l&rsquo;usager, ainsi que le document accr\u00e9ditant la repr\u00e9sentation.<\/li>\n<li>Une photocopie de la carte d&rsquo;identit\u00e9 peut \u00eatre remplac\u00e9e par tout autre moyen de preuve d&rsquo;identit\u00e9 l\u00e9galement valable.<\/li>\n<li>Demande accompagn\u00e9e des raisons sp\u00e9cifiques de la demande ou des informations auxquelles vous souhaitez acc\u00e9der.<\/li>\n<li>Adresse \u00e0 des fins de notification.<\/li>\n<li>Date et signature du demandeur.<\/li>\n<li>Tout document attestant de votre demande.<\/li>\n<\/ul>\n<div> <\/div>\n<p>Cette demande et toutes les pi\u00e8ces jointes peuvent \u00eatre envoy\u00e9es \u00e0 l&rsquo;adresse \u00e9lectronique suivante :<span style=\"font-size: 16px; font-style: normal; font-weight: 400;\">info@reidesen.com<\/span>.<\/p>\n<p><span style=\"font-size: 16px; font-style: normal; font-weight: 400;\"> <\/span><\/p>\n<p><b>Liens vers des sites web de tiers<\/b><\/p>\n<p>Le site web peut inclure des hyperliens ou des liens qui permettent d&rsquo;acc\u00e9der \u00e0 des sites web de tiers \u00e0 <span style=\"font-size: 16px; font-style: normal; font-weight: bold; background-color: var(--ast-global-color-5);\">Reidesen<\/span><span style=\"font-size: 16px; font-style: normal; font-weight: 400; background-color: var(--ast-global-color-5);\">,<\/span><span style=\"font-size: 16px; background-color: var(--ast-global-color-5);\"> et qui ne sont donc pas exploit\u00e9s par <\/span><span style=\"font-size: 16px; font-style: normal; background-color: var(--ast-global-color-5); font-weight: bold;\">Reidesen<\/span>.<\/p>\n<p>Les propri\u00e9taires de ces sites web auront leurs propres politiques de protection des donn\u00e9es, \u00e9tant eux-m\u00eames, dans chaque cas, responsables de leurs propres dossiers et pratiques de confidentialit\u00e9.<\/p>\n<\/p>\n<p><b>Plaintes aupr\u00e8s de l&rsquo;autorit\u00e9 de surveillance<\/b><\/p>\n<p>Dans le cas o\u00f9 l&rsquo;utilisateur consid\u00e8re qu&rsquo;il y a un probl\u00e8me ou une violation de la r\u00e9glementation dans laquelle ses donn\u00e9es personnelles sont trait\u00e9es, il a le droit de b\u00e9n\u00e9ficier d&rsquo;une protection judiciaire effective et d&rsquo;introduire une plainte aupr\u00e8s d&rsquo;une autorit\u00e9 de contr\u00f4le, en particulier dans l&rsquo;\u00c9tat o\u00f9 il r\u00e9side habituellement, sur son lieu de travail ou sur le lieu de la violation pr\u00e9sum\u00e9e.<\/p>\n<p>Dans le cas de l&rsquo;Espagne, l&rsquo;autorit\u00e9 de contr\u00f4le est l&rsquo;Agence espagnole de protection des donn\u00e9es (http:\/\/www.agpd.es).<\/p>\n<\/p>\n<p><b>Acceptation et modification de la pr\u00e9sente politique de confidentialit\u00e9<\/b><\/p>\n<p>E<span style=\"font-size: 16px; font-family: var( --e-global-typography-text-font-family ); letter-spacing: var( --e-global-typography-text-letter-spacing );\">l est n\u00e9cessaire que l&rsquo;utilisateur ait lu et accepte les conditions de protection des donn\u00e9es personnelles contenues dans cette politique de confidentialit\u00e9, ainsi qu&rsquo;il accepte le traitement de ses donn\u00e9es personnelles afin que le responsable du traitement puisse proc\u00e9der au traitement sous la forme, pendant les p\u00e9riodes et aux fins indiqu\u00e9es.  <\/span><\/p>\n<p><span style=\"font-size: 16px; font-family: var( --e-global-typography-text-font-family ); letter-spacing: var( --e-global-typography-text-letter-spacing );\">L&rsquo;utilisation du site web implique l&rsquo;acceptation de la politique de confidentialit\u00e9 du site.<\/span><\/p>\n<p><span style=\"font-size: 16px; font-style: normal; font-weight: bold; background-color: var(--ast-global-color-5);\">Reidesen<\/span><span style=\"font-size: 16px; font-family: var( --e-global-typography-text-font-family ); letter-spacing: var( --e-global-typography-text-letter-spacing );\"> se r\u00e9serve le droit de modifier sa politique de confidentialit\u00e9, \u00e0 sa seule discr\u00e9tion, ou motiv\u00e9e par un changement l\u00e9gislatif, jurisprudentiel ou doctrinal de l&rsquo;Agence espagnole de protection des donn\u00e9es. <\/span> <\/p>\n<p><span style=\"font-size: 16px; font-family: var( --e-global-typography-text-font-family ); letter-spacing: var( --e-global-typography-text-letter-spacing );\">Les changements ou mises \u00e0 jour de cette politique de confidentialit\u00e9 ne seront pas explicitement notifi\u00e9s \u00e0 l&rsquo;utilisateur.  <\/span><\/p>\n<p><span style=\"font-size: 16px; font-family: var( --e-global-typography-text-font-family ); letter-spacing: var( --e-global-typography-text-letter-spacing );\">Il est conseill\u00e9 \u00e0 l&rsquo;utilisateur de v\u00e9rifier p\u00e9riodiquement cette page pour se tenir au courant des derniers changements ou mises \u00e0 jour.  <\/span><\/p>\n<p><span style=\"font-size: 16px; font-family: var( --e-global-typography-text-font-family ); letter-spacing: var( --e-global-typography-text-letter-spacing );\">Cette politique de confidentialit\u00e9 a \u00e9t\u00e9 mise \u00e0 jour le 13 septembre 2020 pour s&rsquo;adapter au r\u00e8glement (UE) 2016\/679 du Parlement europ\u00e9en et du Conseil du 27 avril 2016 relatif \u00e0 la protection des personnes physiques \u00e0 l&rsquo;\u00e9gard du traitement des donn\u00e9es \u00e0 caract\u00e8re personnel et \u00e0 la libre circulation de ces donn\u00e9es 3\/2018.<\/span><\/p>\n<h1><span style=\"font-size: 16px; font-family: var( --e-global-typography-text-font-family ); letter-spacing: var( --e-global-typography-text-letter-spacing );\"><b>5. POLITIQUE EN MATI\u00c8RE DE COOKIES  <\/b><\/span><\/h1>\n<p><span style=\"font-size: 16px; font-family: var( --e-global-typography-text-font-family ); letter-spacing: var( --e-global-typography-text-letter-spacing );\">L&rsquo;acc\u00e8s \u00e0 ce site web peut impliquer l&rsquo;utilisation de cookies.  <\/span><\/p>\n<p><span style=\"font-size: 16px; font-family: var( --e-global-typography-text-font-family ); letter-spacing: var( --e-global-typography-text-letter-spacing );\">Les cookies sont de petites quantit\u00e9s d&rsquo;informations qui sont stock\u00e9es dans le navigateur utilis\u00e9 par chaque utilisateur &#8211; sur les diff\u00e9rents appareils qu&rsquo;ils peuvent utiliser pour naviguer &#8211; afin que le serveur se souvienne de certaines informations qu&rsquo;il pourra lire ult\u00e9rieurement et lui seul.  <\/span><span style=\"font-family: var( --e-global-typography-text-font-family ); font-size: 16px; letter-spacing: var( --e-global-typography-text-letter-spacing );\">Les cookies facilitent la navigation et n&rsquo;endommagent pas l&rsquo;appareil de navigation.  <\/span><\/p>\n<p><span style=\"font-size: 16px; font-family: var( --e-global-typography-text-font-family ); letter-spacing: var( --e-global-typography-text-letter-spacing );\">Les cookies sont des proc\u00e9dures automatiques de collecte d&rsquo;informations li\u00e9es aux pr\u00e9f\u00e9rences d\u00e9termin\u00e9es par l&rsquo;utilisateur lors de sa visite sur le site web afin de le reconna\u00eetre en tant qu&rsquo;utilisateur et de personnaliser son exp\u00e9rience et son utilisation du site web, et peuvent \u00e9galement, par exemple, aider \u00e0 identifier et \u00e0 r\u00e9soudre les erreurs.  <\/span><\/p>\n<p><span style=\"font-size: 16px; font-family: var( --e-global-typography-text-font-family ); letter-spacing: var( --e-global-typography-text-letter-spacing );\">Les informations recueillies par le biais des cookies peuvent inclure la date et l&rsquo;heure des visites sur le site web, les pages visit\u00e9es, le temps pass\u00e9 sur le site web et les sites visit\u00e9s avant et apr\u00e8s le site web.  <\/span><\/p>\n<p><span style=\"font-size: 16px; font-family: var( --e-global-typography-text-font-family ); letter-spacing: var( --e-global-typography-text-letter-spacing );\">Toutefois, aucun cookie ne permet de contacter le num\u00e9ro de t\u00e9l\u00e9phone de l&rsquo;utilisateur ou tout autre moyen de contact personnel. Aucun cookie ne peut extraire des informations du disque dur de l&rsquo;utilisateur ou voler des informations personnelles. La seule fa\u00e7on dont les informations priv\u00e9es de l&rsquo;utilisateur font partie du fichier cookie est que l&rsquo;utilisateur fournisse personnellement ces informations au serveur. Les cookies qui permettent l&rsquo;identification d&rsquo;un individu sont consid\u00e9r\u00e9s comme des donn\u00e9es personnelles. Par cons\u00e9quent, la politique de confidentialit\u00e9 d\u00e9crite ci-dessus s&rsquo;appliquera \u00e0 eux. Dans ce sens, le consentement de l&rsquo;utilisateur sera n\u00e9cessaire pour l&rsquo;utilisation de celui-ci. Ce consentement est communiqu\u00e9 sur la base d&rsquo;une acceptation authentique, offerte par une d\u00e9cision affirmative et positive, avant le traitement initial, d\u00e9tachable et document\u00e9.  <\/span><\/p>\n<p><span style=\"font-size: 16px; font-family: var( --e-global-typography-text-font-family ); letter-spacing: var( --e-global-typography-text-letter-spacing );\"> <\/span><\/p>\n<p><span style=\"font-size: 16px; font-family: var( --e-global-typography-text-font-family ); letter-spacing: var( --e-global-typography-text-letter-spacing );\"><b>Propres cookies<\/b> <\/span><\/p>\n<p><span style=\"font-size: 16px; font-family: var( --e-global-typography-text-font-family ); letter-spacing: var( --e-global-typography-text-letter-spacing );\">Ces cookies sont envoy\u00e9s \u00e0 l&rsquo;ordinateur ou au dispositif de l&rsquo;utilisateur et sont g\u00e9r\u00e9s exclusivement par <\/span><span style=\"font-weight: bold; font-size: 16px; font-style: normal;\">Reidesen<\/span><span style=\"font-size: 16px; font-family: var( --e-global-typography-text-font-family ); letter-spacing: var( --e-global-typography-text-letter-spacing );\"> pour le meilleur fonctionnement du site web. <\/span> <\/p>\n<p><span style=\"font-size: 16px; font-family: var( --e-global-typography-text-font-family ); letter-spacing: var( --e-global-typography-text-letter-spacing );\">Les informations recueillies sont utilis\u00e9es pour am\u00e9liorer la qualit\u00e9 du site web, de son contenu et de l&rsquo;exp\u00e9rience utilisateur.  <\/span><\/p>\n<p><span style=\"font-size: 16px; font-family: var( --e-global-typography-text-font-family ); letter-spacing: var( --e-global-typography-text-letter-spacing );\">Ces cookies permettent de reconna\u00eetre l&rsquo;utilisateur comme un visiteur r\u00e9current du site web et d&rsquo;adapter le contenu afin de lui proposer un contenu adapt\u00e9 \u00e0 ses pr\u00e9f\u00e9rences.  <\/span><\/p>\n<p><span style=\"font-size: 16px; font-family: var( --e-global-typography-text-font-family ); letter-spacing: var( --e-global-typography-text-letter-spacing );\"> <\/span><\/p>\n<p><span style=\"font-size: 16px; font-family: var( --e-global-typography-text-font-family ); letter-spacing: var( --e-global-typography-text-letter-spacing );\"><b>Cookies de tiers<\/b> <\/span><\/p>\n<p><span style=\"font-size: 16px; font-family: var( --e-global-typography-text-font-family ); letter-spacing: var( --e-global-typography-text-letter-spacing );\">Ces cookies sont utilis\u00e9s et g\u00e9r\u00e9s par des entit\u00e9s externes qui fournissent \u00e0 <\/span><span style=\"font-weight: bold; font-size: 16px; font-style: normal;\">Reidesen<\/span><span style=\"font-size: 16px; font-family: var( --e-global-typography-text-font-family ); letter-spacing: var( --e-global-typography-text-letter-spacing );\"> les services qu&rsquo;ils ont demand\u00e9s afin d&rsquo;am\u00e9liorer le site web et l&rsquo;exp\u00e9rience de l&rsquo;utilisateur lorsqu&rsquo;il navigue sur le site. <\/span> <\/p>\n<p><span style=\"font-size: 16px; font-family: var( --e-global-typography-text-font-family ); letter-spacing: var( --e-global-typography-text-letter-spacing );\">Les principaux objectifs pour lesquels les cookies tiers sont utilis\u00e9s sont d&rsquo;obtenir des statistiques d&rsquo;acc\u00e8s et d&rsquo;analyser les informations de navigation, c&rsquo;est-\u00e0-dire la fa\u00e7on dont l&rsquo;utilisateur interagit avec le site web.  <\/span><\/p>\n<p><span style=\"font-size: 16px; font-family: var( --e-global-typography-text-font-family ); letter-spacing: var( --e-global-typography-text-letter-spacing );\">Les informations obtenues font r\u00e9f\u00e9rence, par exemple, au nombre de pages visit\u00e9es, \u00e0 la langue, au site consult\u00e9, \u00e0 l&rsquo;adresse IP \u00e0 partir de laquelle l&rsquo;utilisateur acc\u00e8de, au nombre d&rsquo;utilisateurs acc\u00e9dant \u00e0 la fr\u00e9quence et \u00e0 la r\u00e9currence des visites, \u00e0 l&rsquo;heure de la visite, au navigateur utilis\u00e9, \u00e0 l&rsquo;op\u00e9rateur ou au type de dispositif \u00e0 partir duquel elle est effectu\u00e9e. Ces informations sont utilis\u00e9es pour am\u00e9liorer le site web, et pour d\u00e9tecter de nouveaux besoins afin d&rsquo;offrir aux utilisateurs une qualit\u00e9 optimale.  <\/span><\/p>\n<p><span style=\"font-size: 16px; font-family: var( --e-global-typography-text-font-family ); letter-spacing: var( --e-global-typography-text-letter-spacing );\">Dans tous les cas, les informations sont collect\u00e9es de mani\u00e8re anonyme et des rapports de tendances sont \u00e9tablis \u00e0 partir du site web sans identifier les utilisateurs individuels.  <\/span><\/p>\n<p><span style=\"font-size: 16px; font-family: var( --e-global-typography-text-font-family ); letter-spacing: var( --e-global-typography-text-letter-spacing );\"> <\/span><\/p>\n<p><span style=\"font-family: var( --e-global-typography-text-font-family ); font-size: 16px; letter-spacing: var( --e-global-typography-text-letter-spacing );\"><b>D\u00e9sactivation, rejet et suppression des cookies<\/b> <\/span><\/p>\n<p><span style=\"font-family: var( --e-global-typography-text-font-family ); font-size: 16px; letter-spacing: var( --e-global-typography-text-letter-spacing );\">L&rsquo;utilisateur peut d\u00e9sactiver, rejeter et supprimer les cookies, en tout ou en partie, install\u00e9s sur son appareil par le biais des param\u00e8tres de son navigateur (dont, par exemple, Chrome, Firefox, Safari, Explorer).  <\/span><span style=\"font-family: var( --e-global-typography-text-font-family ); font-size: 16px; letter-spacing: var( --e-global-typography-text-letter-spacing );\">\u00c0 cet \u00e9gard, les proc\u00e9dures de rejet et de suppression des cookies peuvent diff\u00e9rer d&rsquo;un navigateur Internet \u00e0 l&rsquo;autre.  <\/span><span style=\"font-family: var( --e-global-typography-text-font-family ); font-size: 16px; letter-spacing: var( --e-global-typography-text-letter-spacing );\">Par cons\u00e9quent, l&rsquo;utilisateur doit se r\u00e9f\u00e9rer aux instructions fournies par le navigateur Internet utilis\u00e9.  <\/span><\/p>\n<p><span style=\"font-family: var( --e-global-typography-text-font-family ); font-size: 16px; letter-spacing: var( --e-global-typography-text-letter-spacing );\">Si vous refusez l&rsquo;utilisation de cookies, en tout ou en partie, vous pouvez continuer ou quitter le site web, bien que vous puissiez avoir une utilisation limit\u00e9e de certaines fonctionnalit\u00e9s du site web.  <\/span><\/p>\n<p><span style=\"font-family: var( --e-global-typography-text-font-family ); font-size: 16px; letter-spacing: var( --e-global-typography-text-letter-spacing );\"> <\/span><\/p>\n<p><span style=\"font-family: var( --e-global-typography-text-font-family ); font-size: 16px; letter-spacing: var( --e-global-typography-text-letter-spacing );\"><b>Modifications de la politique en mati\u00e8re de cookies<\/b> <\/span><\/p>\n<p><span style=\"font-family: var( --e-global-typography-text-font-family ); font-size: 16px; letter-spacing: var( --e-global-typography-text-letter-spacing );\">La politique en mati\u00e8re de cookies du site web peut changer ou \u00eatre mise \u00e0 jour, il est donc recommand\u00e9 \u00e0 l&rsquo;utilisateur de consulter cette politique chaque fois qu&rsquo;il acc\u00e8de au site web afin d&rsquo;\u00eatre correctement inform\u00e9 de la mani\u00e8re dont nous utilisons les cookies et dans quel but.  <\/span><\/p>\n<p><span style=\"font-family: var( --e-global-typography-text-font-family ); font-size: 16px; letter-spacing: var( --e-global-typography-text-letter-spacing );\"> <\/span><\/p>\n<\/p>\n<p><b>6. POLITIQUE DE LIAISON<\/b><\/p>\n<p>Il est inform\u00e9 que le site web de <span style=\"font-weight: bold; font-size: 16px; font-style: normal;\">Reidesen<\/span> met ou peut mettre \u00e0 la disposition des utilisateurs des moyens de liaison (par exemple, mais sans s&rsquo;y limiter, des liens, des banni\u00e8res, des boutons et des moteurs de recherche qui permettent aux utilisateurs d&rsquo;acc\u00e9der \u00e0 des sites web appartenant et\/ou g\u00e9r\u00e9s par des tiers). L&rsquo;installation de ces liens, r\u00e9pertoires et moteurs de recherche sur le site a pour but de permettre aux utilisateurs de rechercher et d&rsquo;acc\u00e9der aux informations disponibles sur Internet, sans que cela soit consid\u00e9r\u00e9 comme une suggestion, une invitation \u00e0 visiter.<\/p>\n<p>Les produits et\/ou services disponibles sur ces sites li\u00e9s sont offerts ou commercialis\u00e9s par ou via un tiers.<\/p>\n<p>De m\u00eame, elle ne garantit pas la disponibilit\u00e9 technique, l&rsquo;exactitude, la v\u00e9racit\u00e9, la l\u00e9galit\u00e9, la validit\u00e9 ou la validit\u00e9 des sites ext\u00e9rieurs \u00e0 sa propri\u00e9t\u00e9 auxquels on peut acc\u00e9der par les liens.<\/p>\n<p>Nous n&rsquo;examinons ni ne contr\u00f4lons en aucune fa\u00e7on le contenu des autres sites web, et nous n&rsquo;approuvons, n&rsquo;examinons ni ne poss\u00e9dons les produits et services, le contenu, les fichiers et tout autre \u00e9l\u00e9ment de ces sites li\u00e9s.<\/p>\n<p><span style=\"font-size: 16px; font-style: normal; font-weight: bold; background-color: var(--ast-global-color-5);\">Reidesen<\/span> n&rsquo;assume aucune responsabilit\u00e9 pour les dommages et pr\u00e9judices qui pourraient \u00eatre caus\u00e9s par l&rsquo;acc\u00e8s, l&rsquo;utilisation, la qualit\u00e9 ou la l\u00e9galit\u00e9 des contenus, communications, opinions, produits et services des sites web non g\u00e9r\u00e9s par <span style=\"font-weight: bold; font-size: 16px; font-style: normal;\">Reidesen<\/span> et\/ou li\u00e9s \u00e0 ce site web.<\/p>\n<p>L&rsquo;utilisateur ou le tiers qui \u00e9tablit un hyperlien vers un site web ext\u00e9rieur \u00e0 un site web du site web de <span style=\"font-weight: bold; font-size: 16px; font-style: normal;\">Reidesen<\/span> le saura :<\/p>\n<ul>\n<li>La reproduction totale ou partielle de l&rsquo;un des contenus et\/ou services du site web sans l&rsquo;autorisation expresse de <span style=\"font-weight: bold; font-size: 16px; font-style: normal;\">Reidesen<\/span> est interdite.<\/li>\n<li>Les d\u00e9clarations fausses, inexactes ou incorrectes ne sont pas autoris\u00e9es sur le site web de <span style=\"font-weight: bold; font-size: 16px; font-style: normal;\">Reidesen<\/span>, ni sur les contenus et\/ou services de ces derniers.<\/li>\n<li>\u00c0 l&rsquo;exception de l&rsquo;hyperlien, la page web dans laquelle l&rsquo;hyperlien est \u00e9tabli ne contiendra aucun \u00e9l\u00e9ment de ce site web, prot\u00e9g\u00e9 comme propri\u00e9t\u00e9 intellectuelle par le syst\u00e8me juridique espagnol, sauf autorisation expresse de <span style=\"font-weight: bold; font-size: 16px; font-style: normal;\">Reidesen<\/span>.<\/li>\n<li>L&rsquo;\u00e9tablissement de l&rsquo;hyperlien n&rsquo;impliquera pas l&rsquo;existence de relations entre <span style=\"font-weight: bold; font-size: 16px; font-style: normal;\">Reidesen<\/span> et le titulaire de la page web \u00e0 partir de laquelle il est r\u00e9alis\u00e9, ni la connaissance et l&rsquo;acceptation par <span style=\"font-weight: bold; font-size: 16px; font-style: normal;\">Reidesen<\/span> des contenus, services et\/ou activit\u00e9s offerts dans ce site web, et vice versa.<\/li>\n<\/ul>\n<div> <\/div>\n<div> <\/div>\n<p><b>7. PROPRI\u00c9T\u00c9 INTELLECTUELLE ET INDUSTRIELLE  <\/b><\/p>\n<p> <span style=\"font-weight: bold; font-size: 16px; font-style: normal;\">Reidesen<\/span> lui-m\u00eame  est propri\u00e9taire de tous les droits de propri\u00e9t\u00e9 intellectuelle et industrielle du site web, ainsi que des \u00e9l\u00e9ments qui y sont contenus (y compris, mais sans s&rsquo;y limiter, les images, le son, l&rsquo;audio, la vid\u00e9o, les logiciels ou les textes, les marques ou les logos, les combinaisons de couleurs, la structure et la conception, la s\u00e9lection des mat\u00e9riaux utilis\u00e9s, les logiciels n\u00e9cessaires au fonctionnement, \u00e0 l&rsquo;acc\u00e8s et \u00e0 l&rsquo;utilisation, etc.)<\/p>\n<p>Par cons\u00e9quent, il s&rsquo;agira d&rsquo;\u0153uvres prot\u00e9g\u00e9es en tant que propri\u00e9t\u00e9 intellectuelle par le syst\u00e8me juridique espagnol, qui s&rsquo;applique \u00e0 la fois \u00e0 la l\u00e9gislation espagnole et communautaire en la mati\u00e8re, ainsi qu&rsquo;\u00e0 la l\u00e9gislation internationale li\u00e9e au sujet et sign\u00e9e par l&rsquo;Espagne.<\/p>\n<p>Tous droits r\u00e9serv\u00e9s.<\/p>\n<p>Conform\u00e9ment aux dispositions de la loi sur la propri\u00e9t\u00e9 intellectuelle, la reproduction, la distribution et la communication publique, y compris la mise \u00e0 disposition, de tout ou partie du contenu de ce site web, \u00e0 des fins commerciales, sur tout support et par tout moyen technique, sont express\u00e9ment interdites sans l&rsquo;autorisation de  <span style=\"font-weight: bold; font-size: 16px; font-style: normal;\">Reidesen.<\/span><\/p>\n<p>L&rsquo;utilisateur s&rsquo;engage \u00e0 respecter les droits de propri\u00e9t\u00e9 intellectuelle et industrielle de <span style=\"font-weight: bold; font-size: 16px; font-style: normal;\">Reidesen<\/span>.<\/p>\n<p>Vous pouvez visualiser les \u00e9l\u00e9ments du site web, voire les imprimer, les copier et les stocker sur le disque dur de votre ordinateur ou sur tout autre support physique, \u00e0 condition que ce soit exclusivement pour votre usage personnel. Toutefois, l&rsquo;utilisateur ne peut pas supprimer, modifier, \u00e9luder ou manipuler tout dispositif de protection ou syst\u00e8me de s\u00e9curit\u00e9 install\u00e9 sur le site web.<\/p>\n<p>Dans le cas o\u00f9 l&rsquo;utilisateur ou un tiers consid\u00e8re que l&rsquo;un des contenus du site web constitue une violation des droits de protection de la propri\u00e9t\u00e9 intellectuelle, il doit en informer imm\u00e9diatement  <span style=\"font-weight: bold; font-size: 16px; font-style: normal;\">Reidesen<\/span>  via les coordonn\u00e9es figurant dans la section Informations g\u00e9n\u00e9rales des conditions g\u00e9n\u00e9rales d&rsquo;utilisation du pr\u00e9sent avis juridique.<\/p>\n<\/p>\n<p><b>8. ACTIONS EN JUSTICE, DROIT APPLICABLE ET JURIDICTION<\/b><\/p>\n<p><span style=\"font-size: 16px; font-style: normal; font-weight: bold; background-color: var(--ast-global-color-5);\">Reidesen<\/span> se r\u00e9serve le droit de pr\u00e9senter les actions civiles ou p\u00e9nales qu&rsquo;elle consid\u00e8re opportunes pour le mauvais usage du site web et de ses contenus, ou pour la violation des conditions.<\/p>\n<p>La relation entre l&rsquo;utilisateur et <span style=\"font-weight: bold; font-size: 16px; font-style: normal;\">Reidesen<\/span> est r\u00e9gie par la r\u00e9glementation en vigueur et applicable sur le territoire espagnol.<\/p>\n<p>En cas de litige concernant l&rsquo;interpr\u00e9tation et\/ou l&rsquo;application des pr\u00e9sentes conditions, les parties soumettront leurs diff\u00e9rends \u00e0 la juridiction ordinaire pour les soumettre aux juges et tribunaux comp\u00e9tents.<\/p>\n<\/p>\n<p>Derni\u00e8re modification : 1er novembre 2022<\/p>\n\t\t\t\t\t\t<\/div>\n\t\t\t\t<\/div>\n\t\t\t\t<\/div>\n\t\t\t\t\t<\/div>\n\t\t\t\t<\/div>\n\t\t\t\t\t\t\t<\/div>\n\t\t","protected":false},"excerpt":{"rendered":"<p>AVIS JURIDIQUE, CONDITIONS G\u00c9N\u00c9RALES D&rsquo;UTILISATION ET POLITIQUE EN MATI\u00c8RE DE COOKIES 1. INFORMATIONS G\u00c9N\u00c9RALES Conform\u00e9ment au devoir d&rsquo;information pr\u00e9vu par la loi 34\/2002 sur les services de la soci\u00e9t\u00e9 de l&rsquo;information et le commerce \u00e9lectronique (LSSI-CE), du 11 juillet, les donn\u00e9es g\u00e9n\u00e9rales de ce site web sont pr\u00e9sent\u00e9es ci-dessous : La propri\u00e9t\u00e9 de ce site [&hellip;]<\/p>\n","protected":false},"author":1,"featured_media":0,"parent":0,"menu_order":0,"comment_status":"closed","ping_status":"open","template":"elementor_header_footer","meta":{"footnotes":""},"_links":{"self":[{"href":"https:\/\/www.reidesen.com\/fr\/wp-json\/wp\/v2\/pages\/331"}],"collection":[{"href":"https:\/\/www.reidesen.com\/fr\/wp-json\/wp\/v2\/pages"}],"about":[{"href":"https:\/\/www.reidesen.com\/fr\/wp-json\/wp\/v2\/types\/page"}],"author":[{"embeddable":true,"href":"https:\/\/www.reidesen.com\/fr\/wp-json\/wp\/v2\/users\/1"}],"replies":[{"embeddable":true,"href":"https:\/\/www.reidesen.com\/fr\/wp-json\/wp\/v2\/comments?post=331"}],"version-history":[{"count":0,"href":"https:\/\/www.reidesen.com\/fr\/wp-json\/wp\/v2\/pages\/331\/revisions"}],"wp:attachment":[{"href":"https:\/\/www.reidesen.com\/fr\/wp-json\/wp\/v2\/media?parent=331"}],"curies":[{"name":"wp","href":"https:\/\/api.w.org\/{rel}","templated":true}]}}