{"id":335,"date":"2022-09-08T14:13:50","date_gmt":"2022-09-08T14:13:50","guid":{"rendered":"https:\/\/www.reidesen.com\/index.php\/politica-de-privacitat\/"},"modified":"2022-11-01T07:27:18","modified_gmt":"2022-11-01T07:27:18","slug":"politica-de-privacitat","status":"publish","type":"page","link":"https:\/\/www.reidesen.com\/ca\/politica-de-privacitat\/","title":{"rendered":"Pol\u00edtica de privadesa"},"content":{"rendered":"\t\t<div data-elementor-type=\"wp-page\" data-elementor-id=\"335\" class=\"elementor elementor-335 elementor-328\">\n\t\t\t\t\t\t\t<div class=\"elementor-element elementor-element-60af77f e-con-boxed e-con\" data-id=\"60af77f\" data-element_type=\"container\" data-settings=\"{&quot;content_width&quot;:&quot;boxed&quot;}\">\n\t\t\t\t\t<div class=\"e-con-inner\">\n\t\t<div class=\"elementor-element elementor-element-22e8a83 e-con-boxed e-con\" data-id=\"22e8a83\" data-element_type=\"container\" data-settings=\"{&quot;background_background&quot;:&quot;classic&quot;,&quot;content_width&quot;:&quot;boxed&quot;}\">\n\t\t\t\t\t<div class=\"e-con-inner\">\n\t\t\t\t<div class=\"elementor-element elementor-element-6b071b7 elementor-widget__width-auto elementor-widget elementor-widget-image\" data-id=\"6b071b7\" data-element_type=\"widget\" data-widget_type=\"image.default\">\n\t\t\t\t<div class=\"elementor-widget-container\">\n\t\t\t<style>\/*! elementor - v3.12.0 - 29-03-2023 *\/\n.elementor-widget-image{text-align:center}.elementor-widget-image a{display:inline-block}.elementor-widget-image a img[src$=\".svg\"]{width:48px}.elementor-widget-image img{vertical-align:middle;display:inline-block}<\/style>\t\t\t\t\t\t\t\t\t\t\t\t\t<a href=\"https:\/\/www.reidesen.com\/ca\/\">\n\t\t\t\t\t\t\t<img decoding=\"async\" src=\"https:\/\/www.reidesen.com\/wp-content\/uploads\/elementor\/thumbs\/Reidesen-pw7dlweozqx6uwf4ndhnwuhakispx5oymdcxlzgpi4.png\" title=\"Reidesen Pharma Services\" alt=\"Reidesen Pharma Services\" loading=\"lazy\" \/>\t\t\t\t\t\t\t\t<\/a>\n\t\t\t\t\t\t\t\t\t\t\t\t\t\t\t<\/div>\n\t\t\t\t<\/div>\n\t\t<div class=\"elementor-element elementor-element-8a6c138 e-con-full e-con\" data-id=\"8a6c138\" data-element_type=\"container\" data-settings=\"{&quot;content_width&quot;:&quot;full&quot;}\">\n\t\t\t\t<div class=\"elementor-element elementor-element-a192be8 elementor-nav-menu__align-right elementor-nav-menu--dropdown-none elementor-widget elementor-widget-nav-menu\" data-id=\"a192be8\" data-element_type=\"widget\" data-settings=\"{&quot;layout&quot;:&quot;horizontal&quot;,&quot;submenu_icon&quot;:{&quot;value&quot;:&quot;&lt;svg class=\\&quot;e-font-icon-svg e-fas-caret-down\\&quot; viewBox=\\&quot;0 0 320 512\\&quot; xmlns=\\&quot;http:\\\/\\\/www.w3.org\\\/2000\\\/svg\\&quot;&gt;&lt;path d=\\&quot;M31.3 192h257.3c17.8 0 26.7 21.5 14.1 34.1L174.1 354.8c-7.8 7.8-20.5 7.8-28.3 0L17.2 226.1C4.6 213.5 13.5 192 31.3 192z\\&quot;&gt;&lt;\\\/path&gt;&lt;\\\/svg&gt;&quot;,&quot;library&quot;:&quot;fa-solid&quot;}}\" data-widget_type=\"nav-menu.default\">\n\t\t\t\t<div class=\"elementor-widget-container\">\n\t\t\t<link rel=\"stylesheet\" href=\"https:\/\/www.reidesen.com\/wp-content\/plugins\/elementor-pro\/assets\/css\/widget-nav-menu.min.css\">\t\t\t<nav class=\"elementor-nav-menu--main elementor-nav-menu__container elementor-nav-menu--layout-horizontal e--pointer-none\">\n\t\t\t\t<ul id=\"menu-1-a192be8\" class=\"elementor-nav-menu\"><li class=\"menu-item wpml-ls-slot-33 wpml-ls-item wpml-ls-item-es wpml-ls-menu-item wpml-ls-first-item menu-item-type-wpml_ls_menu_item menu-item-object-wpml_ls_menu_item menu-item-wpml-ls-33-es\"><a title=\"Esp\" href=\"https:\/\/www.reidesen.com\/\" class=\"elementor-item\"><span class=\"wpml-ls-native\" lang=\"es\">Esp<\/span><\/a><\/li>\n<li class=\"menu-item wpml-ls-slot-33 wpml-ls-item wpml-ls-item-en wpml-ls-menu-item menu-item-type-wpml_ls_menu_item menu-item-object-wpml_ls_menu_item menu-item-wpml-ls-33-en\"><a title=\"Eng\" href=\"https:\/\/www.reidesen.com\/en\/\" class=\"elementor-item\"><span class=\"wpml-ls-native\" lang=\"en\">Eng<\/span><\/a><\/li>\n<li class=\"menu-item wpml-ls-slot-33 wpml-ls-item wpml-ls-item-fr wpml-ls-menu-item menu-item-type-wpml_ls_menu_item menu-item-object-wpml_ls_menu_item menu-item-wpml-ls-33-fr\"><a title=\"Fr\" href=\"https:\/\/www.reidesen.com\/fr\/\" class=\"elementor-item\"><span class=\"wpml-ls-native\" lang=\"fr\">Fr<\/span><\/a><\/li>\n<li class=\"menu-item wpml-ls-slot-33 wpml-ls-item wpml-ls-item-ca wpml-ls-current-language wpml-ls-menu-item wpml-ls-last-item menu-item-type-wpml_ls_menu_item menu-item-object-wpml_ls_menu_item menu-item-wpml-ls-33-ca\"><a title=\"Cat\" href=\"https:\/\/www.reidesen.com\/ca\/\" class=\"elementor-item\"><span class=\"wpml-ls-native\" lang=\"ca\">Cat<\/span><\/a><\/li>\n<\/ul>\t\t\t<\/nav>\n\t\t\t\t\t\t<nav class=\"elementor-nav-menu--dropdown elementor-nav-menu__container\" aria-hidden=\"true\">\n\t\t\t\t<ul id=\"menu-2-a192be8\" class=\"elementor-nav-menu\"><li class=\"menu-item wpml-ls-slot-33 wpml-ls-item wpml-ls-item-es wpml-ls-menu-item wpml-ls-first-item menu-item-type-wpml_ls_menu_item menu-item-object-wpml_ls_menu_item menu-item-wpml-ls-33-es\"><a title=\"Esp\" href=\"https:\/\/www.reidesen.com\/\" class=\"elementor-item\" tabindex=\"-1\"><span class=\"wpml-ls-native\" lang=\"es\">Esp<\/span><\/a><\/li>\n<li class=\"menu-item wpml-ls-slot-33 wpml-ls-item wpml-ls-item-en wpml-ls-menu-item menu-item-type-wpml_ls_menu_item menu-item-object-wpml_ls_menu_item menu-item-wpml-ls-33-en\"><a title=\"Eng\" href=\"https:\/\/www.reidesen.com\/en\/\" class=\"elementor-item\" tabindex=\"-1\"><span class=\"wpml-ls-native\" lang=\"en\">Eng<\/span><\/a><\/li>\n<li class=\"menu-item wpml-ls-slot-33 wpml-ls-item wpml-ls-item-fr wpml-ls-menu-item menu-item-type-wpml_ls_menu_item menu-item-object-wpml_ls_menu_item menu-item-wpml-ls-33-fr\"><a title=\"Fr\" href=\"https:\/\/www.reidesen.com\/fr\/\" class=\"elementor-item\" tabindex=\"-1\"><span class=\"wpml-ls-native\" lang=\"fr\">Fr<\/span><\/a><\/li>\n<li class=\"menu-item wpml-ls-slot-33 wpml-ls-item wpml-ls-item-ca wpml-ls-current-language wpml-ls-menu-item wpml-ls-last-item menu-item-type-wpml_ls_menu_item menu-item-object-wpml_ls_menu_item menu-item-wpml-ls-33-ca\"><a title=\"Cat\" href=\"https:\/\/www.reidesen.com\/ca\/\" class=\"elementor-item\" tabindex=\"-1\"><span class=\"wpml-ls-native\" lang=\"ca\">Cat<\/span><\/a><\/li>\n<\/ul>\t\t\t<\/nav>\n\t\t\t\t<\/div>\n\t\t\t\t<\/div>\n\t\t\t\t<div class=\"elementor-element elementor-element-f07bd9b elementor-widget__width-auto elementor-view-default elementor-widget elementor-widget-icon\" data-id=\"f07bd9b\" data-element_type=\"widget\" data-widget_type=\"icon.default\">\n\t\t\t\t<div class=\"elementor-widget-container\">\n\t\t\t\t\t<div class=\"elementor-icon-wrapper\">\n\t\t\t<a class=\"elementor-icon\" href=\"https:\/\/www.linkedin.com\/company\/orbital-pharma\/\" target=\"_blank\" rel=\"noopener\">\n\t\t\t<svg aria-hidden=\"true\" class=\"e-font-icon-svg e-fab-linkedin\" viewBox=\"0 0 448 512\" xmlns=\"http:\/\/www.w3.org\/2000\/svg\"><path d=\"M416 32H31.9C14.3 32 0 46.5 0 64.3v383.4C0 465.5 14.3 480 31.9 480H416c17.6 0 32-14.5 32-32.3V64.3c0-17.8-14.4-32.3-32-32.3zM135.4 416H69V202.2h66.5V416zm-33.2-243c-21.3 0-38.5-17.3-38.5-38.5S80.9 96 102.2 96c21.2 0 38.5 17.3 38.5 38.5 0 21.3-17.2 38.5-38.5 38.5zm282.1 243h-66.4V312c0-24.8-.5-56.7-34.5-56.7-34.6 0-39.9 27-39.9 54.9V416h-66.4V202.2h63.7v29.2h.9c8.9-16.8 30.6-34.5 62.9-34.5 67.2 0 79.7 44.3 79.7 101.9V416z\"><\/path><\/svg>\t\t\t<\/a>\n\t\t<\/div>\n\t\t\t\t<\/div>\n\t\t\t\t<\/div>\n\t\t\t\t<\/div>\n\t\t\t\t\t<\/div>\n\t\t\t\t<\/div>\n\t\t<div class=\"elementor-element elementor-element-103feac e-con-full e-con\" data-id=\"103feac\" data-element_type=\"container\" data-settings=\"{&quot;content_width&quot;:&quot;full&quot;}\">\n\t\t\t\t<div class=\"elementor-element elementor-element-07c168e elementor-widget elementor-widget-heading\" data-id=\"07c168e\" data-element_type=\"widget\" data-widget_type=\"heading.default\">\n\t\t\t\t<div class=\"elementor-widget-container\">\n\t\t\t<style>\/*! elementor - v3.12.0 - 29-03-2023 *\/\n.elementor-heading-title{padding:0;margin:0;line-height:1}.elementor-widget-heading .elementor-heading-title[class*=elementor-size-]>a{color:inherit;font-size:inherit;line-height:inherit}.elementor-widget-heading .elementor-heading-title.elementor-size-small{font-size:15px}.elementor-widget-heading .elementor-heading-title.elementor-size-medium{font-size:19px}.elementor-widget-heading .elementor-heading-title.elementor-size-large{font-size:29px}.elementor-widget-heading .elementor-heading-title.elementor-size-xl{font-size:39px}.elementor-widget-heading .elementor-heading-title.elementor-size-xxl{font-size:59px}<\/style><h1 class=\"elementor-heading-title elementor-size-default\">AV\u00cdS LEGAL, CONDICIONS GENERALS D'\u00daS I POL\u00cdTICA DE COOKIES<\/h1>\t\t<\/div>\n\t\t\t\t<\/div>\n\t\t\t\t<div class=\"elementor-element elementor-element-ca2d63b elementor-widget elementor-widget-text-editor\" data-id=\"ca2d63b\" data-element_type=\"widget\" data-widget_type=\"text-editor.default\">\n\t\t\t\t<div class=\"elementor-widget-container\">\n\t\t\t<style>\/*! elementor - v3.12.0 - 29-03-2023 *\/\n.elementor-widget-text-editor.elementor-drop-cap-view-stacked .elementor-drop-cap{background-color:#69727d;color:#fff}.elementor-widget-text-editor.elementor-drop-cap-view-framed .elementor-drop-cap{color:#69727d;border:3px solid;background-color:transparent}.elementor-widget-text-editor:not(.elementor-drop-cap-view-default) .elementor-drop-cap{margin-top:8px}.elementor-widget-text-editor:not(.elementor-drop-cap-view-default) .elementor-drop-cap-letter{width:1em;height:1em}.elementor-widget-text-editor .elementor-drop-cap{float:left;text-align:center;line-height:1;font-size:50px}.elementor-widget-text-editor .elementor-drop-cap-letter{display:inline-block}<\/style>\t\t\t\t<p><b style=\"color: var( --e-global-color-2cd2714 ); text-align: var(--text-align); font-size: 1rem;\">1. INFORMACI\u00d3 GENERAL<\/b><\/p>\n<p>En compliment del deure informaci\u00f3 previst a la Llei 34\/2002 de Serveis de la Societat de la Informaci\u00f3 i Comer\u00e7 Electr\u00f2nic (LSSI-CE), d&#8217;11 de juliol, a continuaci\u00f3 es presenten les dades generals d&#8217;aquest lloc web: La titularitat de aquest lloc web, www.reidesen.com, (d&#8217;ara endavant, lloc web) \u00e9s de: Reidesen Pharma Services SL, amb NIF: B64154370 i correu electr\u00f2nic de contacte: info@reidesen.com.<\/p>\n<\/p>\n<p><b>2. CONDICIONS GENERALS D&#8217;\u00daS <\/b><\/p>\n<p><b>La finalitat dels termes: el lloc web <\/b><\/p>\n<p>La finalitat de les presents condicions generals d\u00fas (d&#8217;ara endavant, les condicions) \u00e9s regular lacc\u00e9s i \u00fas del lloc web.<\/p>\n<p>A aquest efecte, un lloc web s&#8217;entendr\u00e0 com: l&#8217;aparen\u00e7a externa de les interf\u00edcies de visualitzaci\u00f3, tant est\u00e0ticament com din\u00e0micament, \u00e9s a dir, l&#8217;arbre de navegaci\u00f3; i tots els elements incorporats tant a les interf\u00edcies de vista a l&#8217;arbre de navegaci\u00f3 (d&#8217;ara endavant, els continguts) com tots aquests serveis o recursos en <b>Reidesen<\/b> es reserva el dret de modificar, en qualsevol moment i sense previ av\u00eds, una la presentaci\u00f3 i configuraci\u00f3 del lloc web i els continguts i serveis que s&#8217;hi puguin incorporar.<\/p>\n<p>L&#8217;usuari reconeix i accepta que, en qualsevol moment, <span style=\"font-weight: bold; font-size: 16px; font-style: normal;\">Reidesen<\/span> podr\u00e0 interrompre, desactivar i\/o cancel\u00b7lar qualsevol dels elements que es trobin al lloc web o accedir-hi.<\/p>\n<p>L&#8217;acc\u00e9s al lloc web per part de l&#8217;usuari \u00e9s gratu\u00eft i, per regla general, \u00e9s gratu\u00eft sense que l&#8217;usuari hagi de prestar cap consideraci\u00f3 per poder-ne gaudir, excepte pel cost de connexi\u00f3 a trav\u00e9s de la xarxa de telecomunicacions proporcionada pel Prove\u00efdor Accedir que l&#8217;usuari ha contractat.<\/p>\n<p>L&#8217;\u00fas de qualsevol dels continguts o serveis del lloc web es pot fer a trav\u00e9s de la subscripci\u00f3 o registre previ de l&#8217;usuari.<\/p>\n<p><b>L&#8217;usuari <\/b><\/p>\n<p>L&#8217;acc\u00e9s, navegaci\u00f3 i \u00fas del lloc web confereix la condici\u00f3 d&#8217;usuari, per a la qual cosa s&#8217;accepta, ja que comen\u00e7a la navegaci\u00f3 del lloc web, totes les condicions exposades en aquest, aix\u00ed com les seves modificacions posteriors, sense perjudici de l&#8217;aplicaci\u00f3 de les regulacions legals corresponents segons el cas. <span style=\"font-size: 16px; font-family: var( --e-global-typography-text-font-family ); letter-spacing: var( --e-global-typography-text-letter-spacing );\">Atesa la rellev\u00e0ncia de l&#8217;anterior, s&#8217;aconsella a l&#8217;usuari que els llegeixi cada cop que visiteu el lloc web. <\/span><\/p>\n<p><span style=\"font-size: 16px; font-family: var( --e-global-typography-text-font-family ); letter-spacing: var( --e-global-typography-text-letter-spacing );\">El lloc web de<\/span> <span style=\"font-weight: bold; font-size: 16px; font-style: normal;\">Reidesen<\/span><span style=\"font-size: 16px; font-family: var( --e-global-typography-text-font-family ); letter-spacing: var( --e-global-typography-text-letter-spacing );\"> ofereix una \u00e0mplia gamma dinformaci\u00f3, serveis i dades. L&#8217;usuari assumeix la responsabilitat de fer un \u00fas correcte del lloc web. <\/span><\/p>\n<p><span style=\"font-size: 16px; font-family: var( --e-global-typography-text-font-family ); letter-spacing: var( --e-global-typography-text-letter-spacing );\">Aquesta responsabilitat s&#8217;est\u00e9n a: <\/span><\/p>\n<ul>\n<li><span style=\"font-size: 16px; font-family: var( --e-global-typography-text-font-family ); letter-spacing: var( --e-global-typography-text-letter-spacing );\">L&#8217;\u00fas de la informaci\u00f3, continguts i\/o serveis i dades oferts per <span style=\"font-weight: bold; font-family: 'Open Sans', sans-serif; font-size: 16px; font-style: normal;\">Reidesen<\/span> sense ser contraris al que disposen aquestes condicions, a la llei, a la moral oa l&#8217;ordre p\u00fablic, o que de qualsevol altra forma puguin causar perjudici als drets de tercers o al funcionament del lloc web. <\/span><\/li>\n<li><span style=\"font-size: 16px; font-family: var( --e-global-typography-text-font-family ); letter-spacing: var( --e-global-typography-text-letter-spacing );\">La veracitat i legalitat de la informaci\u00f3 facilitada per l&#8217;usuari als formularis ampliats per <span style=\"font-weight: bold; font-family: 'Open Sans', sans-serif; font-size: 16px; font-style: normal;\">Reidesen<\/span> per a l&#8217;acc\u00e9s a determinats continguts o serveis oferts pel lloc web.<\/span><\/li>\n<\/ul>\n<div><span style=\"font-family: Roboto;\"> <\/span><\/div>\n<p><span style=\"font-size: 16px; font-family: var( --e-global-typography-text-font-family ); letter-spacing: var( --e-global-typography-text-letter-spacing );\">En qualsevol cas, l&#8217;usuari notificar\u00e0 immediatament al<\/span> <span style=\"font-weight: bold; font-size: 16px; font-style: normal;\">Reidesen<\/span> <span style=\"font-size: 16px; font-family: var( --e-global-typography-text-font-family ); letter-spacing: var( --e-global-typography-text-letter-spacing );\">qualsevol esdeveniment que permeti el mal \u00fas de la informaci\u00f3 registrada en aquests formularis, com ara, entre d&#8217;altres, el robatori, la p\u00e8rdua o l&#8217;acc\u00e9s no autoritzat als identificadors i\/o contrasenyes, amb la finalitat de procedir a cancel\u00b7lar-la immediatament.<\/span> <\/p>\n<p><span style=\"font-size: 16px; font-family: var( --e-global-typography-text-font-family ); letter-spacing: var( --e-global-typography-text-letter-spacing );\">El mer acc\u00e9s a aquest lloc web no implica cap mena de relaci\u00f3 comercial entre<\/span> <span style=\"font-weight: bold; font-size: 16px; font-style: normal;\">Reidesen<\/span><span style=\"font-size: 16px; font-family: var( --e-global-typography-text-font-family ); letter-spacing: var( --e-global-typography-text-letter-spacing );\"> i l&#8217;usuari. Sempre d&#8217;acord amb la legislaci\u00f3 vigent, aquest lloc web de <\/span><span style=\"font-weight: bold; font-size: 16px; font-style: normal;\">Reidesen<\/span> <span style=\"font-size: 16px; font-family: var( --e-global-typography-text-font-family ); letter-spacing: var( --e-global-typography-text-letter-spacing );\">s&#8217;adre\u00e7a a totes les persones, independentment de la seva edat, que puguin accedir i\/o navegar per les p\u00e0gines del lloc web.<\/span> <\/p>\n<p><span style=\"font-size: 16px; font-family: var( --e-global-typography-text-font-family ); letter-spacing: var( --e-global-typography-text-letter-spacing );\"> <\/span><\/p>\n<p><b>3. ACC\u00c9S I NAVEGACI\u00d3 AL LLOC WEB: EXCLUSI\u00d3 DE GARANTIES I RESPONSABILITAT <\/b><\/p>\n<p>No garantim la continu\u00eftat, disponibilitat i utilitat del lloc web, ni dels continguts o serveis. <span style=\"font-weight: bold; font-size: 16px; font-style: normal;\">Reidesen<\/span> far\u00e0 tot el possible per funcionar correctament per al lloc web, per\u00f2 no \u00e9s responsable o garanteix que lacc\u00e9s a aquest lloc web no \u00e9s ininterromput o lliure derrors.<\/p>\n<p>Tampoc no \u00e9s responsable ni garanteix que els continguts o programari als quals es pugui accedir a trav\u00e9s d&#8217;aquest lloc web, estiguin lliures d&#8217;errors o causin danys al sistema inform\u00e0tic de l&#8217;usuari (programari i maquinari). En cap cas el <span style=\"font-weight: bold; font-size: 16px; font-style: normal;\">Reidesen<\/span> ser\u00e0 responsable de cap p\u00e8rdua, dany o perjudici de qualsevol tipus que sorgeixi de l&#8217;acc\u00e9s, la navegaci\u00f3 i l&#8217;\u00fas del lloc web, inclosos, entre d&#8217;altres, els causats als sistemes inform\u00e0tics o els causats per la introducci\u00f3 de virus.<\/p>\n<p><span style=\"font-size: 16px; font-style: normal; font-weight: bold; background-color: var(--ast-global-color-5);\">Reidesen<\/span> no es fa responsable de cap dany o dany que pugui causar-se als usuaris a causa de l\u00fas indegut daquest lloc web. En particular, les telecomunicacions no es fa responsable de cap manera de les caigudes, canvis, errors o defectes que es puguin produir.<\/p>\n<\/p>\n<p><b>4. POL\u00cdTICA DE PRIVACITAT I PROTECCI\u00d3 DE DADES<\/b><\/p>\n<p>En compliment del que disposa la legislaci\u00f3 vigent, <span style=\"font-weight: bold; font-size: 16px; font-style: normal;\">Reidesen<\/span> es compromet a adoptar les mesures t\u00e8cniques i organitzatives seg\u00fcents, d&#8217;acord amb el nivell de seguretat adequat al risc de les dades recollides.<\/p>\n<\/p>\n<p><b>Lleis que incorporen aquesta pol\u00edtica de privadesa <\/b><\/p>\n<p>Aquesta pol\u00edtica de privadesa s&#8217;adapta a la normativa espanyola i europea vigent en mat\u00e8ria de protecci\u00f3 de dades personals a Internet. En particular, compleix les normes seg\u00fcents:<\/p>\n<ul>\n<li>Reglament (UE) 2016\/679 del Parlament Europeu i del Consell, de 27 d&#8217;abril del 2016, relatiu a la protecci\u00f3 de les persones f\u00edsiques pel que fa al tractament de dades personals ia la lliure circulaci\u00f3 d&#8217;aquestes dades (RGPD).<\/li>\n<li>Llei Org\u00e0nica 3\/2018, del 5 de desembre, de Protecci\u00f3 de Dades de Car\u00e0cter Personal i Garantia dels Drets Digitals (LOPD-GDD).<\/li>\n<li>Reial decret 1720\/2007, de 21 de desembre, pel qual s&#8217;aprova l&#8217;E-Eclamentoon del desenvolupament de la Llei org\u00e0nica 15\/1999, de 13 de desembre, de protecci\u00f3 de dades de car\u00e0cter personal (RDLOPD).<\/li>\n<li>Llei 34\/2002, de 11 de juliol, de Serveis de la Societat de la Informaci\u00f3 i Comer\u00e7 Electr\u00f2nic (LSSI-CE).<\/li>\n<\/ul>\n<div> <\/div>\n<p><b>Identitat del responsable del tractament de les dades personals<\/b><\/p>\n<p>El responsable del tractament de les dades personals recollides a <span style=\"font-weight: bold; font-size: 16px; font-style: normal;\">Reidesen<\/span> \u00e9s: Reidesen Pharma Services SL, amb NIF: B64154370 (d&#8217;ara endavant tamb\u00e9 responsable del tractament). Correu electr\u00f2nic de contacte: info@reidesen.com.<\/p>\n<p><b style=\"color: var( --e-global-color-2cd2714 ); text-align: var(--text-align); font-size: 1rem;\"><br \/>Registre de Dades Personals<\/b><\/p>\n<p>En compliment del que disposa el RGPD i la LOPD-GDD, us informem que les dades personals recollides per <span style=\"font-weight: bold; font-size: 16px; font-style: normal;\">Reidesen<\/span> a trav\u00e9s dels formularis inclosos a les seves p\u00e0gines seran incorporats i tractats als nostres fitxers per tal de facilitar, accelerar i complir els compromisos establerts entre <span style=\"font-weight: bold; font-size: 16px; font-style: normal;\">Reidesen<\/span> i l&#8217;usuari o el manteniment de la part que s&#8217;estableix als formularis que l&#8217;emplenen, o per assistir-hi a una sol\u00b7licitud o consulta.<\/p>\n<p><b>Principis aplicables al tractament de dades personals <\/b><\/p>\n<p>El tractament de les dades personals de l&#8217;usuari estar\u00e0 subjecte als principis seg\u00fcents establerts a l&#8217;article 5 del RGPD:<\/p>\n<ul>\n<li>Principi de legalitat, lleialtat i transpar\u00e8ncia: es requerir\u00e0 el consentiment de l&#8217;usuari en tot moment, despr\u00e9s d&#8217;una informaci\u00f3 completament transparent de les finalitats per a les quals es recullen les dades personals.<\/li>\n<li>Principi de limitaci\u00f3 de la finalitat: les dades personals es recopilaran amb fins espec\u00edfics, expl\u00edcits i leg\u00edtims.<\/li>\n<li>Principi de minimitzaci\u00f3 de les dades: Les dades personals recollides seran \u00fanicament les estrictament necess\u00e0ries en relaci\u00f3 amb les finalitats per a les quals es tracten.<\/li>\n<li>Principi de veracitat: les dades personals han de ser precises i sempre s&#8217;actualitzaran.<\/li>\n<li>Principi de limitaci\u00f3 del per\u00edode de conservaci\u00f3: les dades personals nom\u00e9s es conservaran de manera que la identificaci\u00f3 de lusuari es permeti durant el temps necessari per als fins del seu tractament.<\/li>\n<li>Principi d&#8217;integritat: les dades personals seran tractades de manera que en garanteixin la seguretat i la confidencialitat.<\/li>\n<li>Principi de Responsabilitat proactiva: el responsable del tractament ser\u00e0 responsable de garantir el compliment dels principis anteriors.<\/li>\n<\/ul>\n<div> <\/div>\n<p><b>Categories de dades personals <\/b><\/p>\n<p>Les categories de dades que es processen a <span style=\"font-weight: bold; font-size: 16px; font-style: normal;\">Reidesen<\/span> nom\u00e9s s\u00f3n dades d&#8217;identificaci\u00f3. En cap cas no es tractaran categories especials de dades personals en el sentit de l&#8217;article 9 del RGPD.<\/p>\n<p><b>Base jur\u00eddica per al tractament de dades personals<\/b><\/p>\n<p>La base legal per al tractament de dades personals \u00e9s el consentiment. <span style=\"font-weight: bold; font-size: 16px; font-style: normal;\">Reidesen<\/span> es compromet a obtenir el consentiment expr\u00e9s i verificable de l&#8217;usuari per al tractament de les dades personals per a una finalitat espec\u00edfica.<\/p>\n<p>Els usuaris tindran dret a revocar el consentiment en qualsevol moment. Ser\u00e0 tan f\u00e0cil retirar el consentiment com es doni. Com a regla general, la retirada del consentiment no determina l\u00fas del lloc web.<\/p>\n<p>De vegades en qu\u00e8 l&#8217;usuari t\u00e9 o pot facilitar les seves dades a trav\u00e9s dels formularis de consulta, sol\u00b7licitar informaci\u00f3 o per motius relacionats amb el contingut del lloc web, us informarem si l&#8217;emplenament d&#8217;algun \u00e9s obligatori necessari per al correcte desenvolupament de l&#8217;operaci\u00f3 duta a terme.<\/p>\n<p><b>Finalitats del tractament per al qual estan destinades les dades personals <\/b><\/p>\n<p>Les dades personals s\u00f3n recollides i gestionades per <span style=\"font-weight: bold; font-size: 16px; font-style: normal;\">Reidesen<\/span> per tal d&#8217;ajudar, agilitzar i complir f\u00e0cilment els compromisos establerts entre el lloc web i l&#8217;usuari o el manteniment de la relaci\u00f3 establerta als formularis que s&#8217;emplenen o assisteixen a una sol\u00b7licitud o consulta.<\/p>\n<p>Aix\u00ed mateix, les dades podran ser utilitzades amb fins comercials de personalitzaci\u00f3, operacions i estad\u00edstiques, i activitats de l&#8217;objecte social de <span style=\"font-weight: bold; font-size: 16px; font-style: normal;\">Reidesen<\/span><span style=\"font-size: 16px; font-style: normal; font-weight: 400;\">,<\/span> aix\u00ed com per a l&#8217;extracci\u00f3, emmagatzematge de dades i estudis de m\u00e0rqueting o per adaptar els continguts oferts a l&#8217;usuari, aix\u00ed com millorar la qualitat, el funcionament i la navegaci\u00f3 del lloc web.<\/p>\n<p>En el moment en qu\u00e8 s&#8217;obtinguin les dades personals, s&#8217;informar\u00e0 l&#8217;usuari sobre la finalitat o les finalitats espec\u00edfiques del tractament per al qual s&#8217;utilitzaran les dades personals; \u00e9s a dir, l\u00fas o els usos que es lliuraran a la informaci\u00f3 recopilada.<\/p>\n<p><b>Per\u00edodes de retenci\u00f3 de dades personals<\/b><\/p>\n<p>Les dades personals nom\u00e9s es conservaran durant el temps m\u00ednim necessari per a la finalitat del tractament i, en qualsevol cas, nom\u00e9s fins que l&#8217;usuari sol\u00b7licite la supressi\u00f3.<\/p>\n<p><b>Destinataris de les dades personals<\/b><\/p>\n<p>Les dades personals de l&#8217;usuari no es compartiran amb tercers.<\/p>\n<p>En qualsevol cas, en el moment en qu\u00e8 s&#8217;obtinguin les dades personals, sin\u00f3 per qualsevol motiu s&#8217;informar\u00e0 l&#8217;usuari dels destinataris o les categories de destinataris de les dades personals.<\/p>\n<p><b>Secret i seguretat de les dades personals<\/b><\/p>\n<p><span style=\"font-size: 16px; font-style: normal; font-weight: bold; background-color: var(--ast-global-color-5);\">Reidesen<\/span> es compromet a adoptar les mesures t\u00e8cniques i organitzatives necess\u00e0ries, en funci\u00f3 del nivell de seguretat adequat al risc de les dades recollides, de manera que es garanteixi la seguretat de les dades personals ia evitar la destrucci\u00f3, p\u00e8rdua o alteraci\u00f3 accidental o il\u00b7legal de les dades personals transmesos, emmagatzemats o processats, o de comunicaci\u00f3 o acc\u00e9s no autoritzat a aquestes dades.<\/p>\n<p>El lloc web compta amb un certificat SSL (Secure Socket Layer) que garanteix que les dades personals es transmeten de forma segura i confidencial, sent la transmissi\u00f3 de dades entre el servidor i l&#8217;usuari, i en retroalimentaci\u00f3, totalment encriptades o xifrades.<\/p>\n<p>No obstant aix\u00f2, com <span style=\"font-weight: bold; font-size: 16px; font-style: normal;\">Reidesen<\/span> no pot garantir la inexpugnabilitat dInternet i labs\u00e8ncia total de hackers o altres persones que es troben en un acc\u00e9s fraudulent a les dades personals, el responsable es compromet a notificar a lusuari sense demora indeguda quan es produeixi una violaci\u00f3 de la seguretat de les dades personals que impliqui un alt risc per als drets i llibertats de l&#8217;article 4 del RGPD, violaci\u00f3 de la seguretat de les dades personals significa qualsevol violaci\u00f3 de la seguretat causada per la destrucci\u00f3, p\u00e8rdua o alteraci\u00f3 accidental o il\u00b7l\u00edcita de les dades personals transmeses, emmagatzemades o processats d&#8217;una altra manera, o comunicaci\u00f3 o acc\u00e9s no autoritzat a aquestes dades.<\/p>\n<p>Les dades personals seran tractades com a accionista pel Responsable, qui es compromet a informar i garantir a trav\u00e9s d&#8217;una obligaci\u00f3 legal o contractual que aquesta confidencialitat sigui respectada pels seus empleats, associats i qualsevol persona a l&#8217;usuari accedeix a la informaci\u00f3.<\/p>\n<p><b>Drets derivats del tractament de dades personals<\/b><\/p>\n<p>L&#8217;usuari t\u00e9 a <span style=\"font-weight: bold; font-size: 16px; font-style: normal;\">Reidesen<\/span> i, per tant, pot exercir contra el responsable els seg\u00fcents drets reconeguts a l&#8217;RGPD:<\/p>\n<ul>\n<li>Dret d&#8217;acc\u00e9s: \u00c9s el dret de l&#8217;usuari a obtenir la confirmaci\u00f3 de si <span style=\"font-weight: bold; font-size: 16px; font-style: normal;\">Reidesen<\/span> est\u00e0 tractant les seves dades personals i, en cas afirmatiu, a obtenir informaci\u00f3 sobre les dades personals espec\u00edfiques i el tractament que <span style=\"font-weight: bold; font-size: 16px; font-style: normal;\">Reidesen<\/span> ha dut a terme o realitza, aix\u00ed com, entre d&#8217;altres, la informaci\u00f3 disponible sobre l&#8217;origen d&#8217;aquestes dades i els destinataris de les comunicacions realitzades o proporcionades.<\/li>\n<li>Dret de rectificaci\u00f3: El dret de l&#8217;usuari a modificar les vostres dades personals que siguin inexactes, tenint en compte els fins del tractament, incomplets.<\/li>\n<li>Dret a l&#8217;eliminaci\u00f3 (\u00abdret a l&#8217;oblit\u00bb): \u00c9s el dret de l&#8217;usuari, sempre que la legislaci\u00f3 vigent no estableixi el contrari, obtenir la supressi\u00f3 de les dades.<\/li>\n<li>Dret a la limitaci\u00f3 del tractament: \u00e9s el dret de l&#8217;usuari a limitar el tractament de les vostres dades personals. L&#8217;usuari t\u00e9 dret a obtenir la limitaci\u00f3 del tractament quan desafia la veracitat de les dades personals; El tractament \u00e9s il\u00b7legal; El responsable ja no necessita dades personals, sin\u00f3 que l&#8217;usuari les necessita per a reclamacions; I quan l&#8217;usuari es va oposar al tractament.<\/li>\n<li>Dret a la portabilitat de les dades: En cas que el tractament es dugui a terme per mitjans automatitzats, l&#8217;usuari tindr\u00e0 dret a rebre del responsable del tractament les seves dades personals en un format estructurat, d&#8217;\u00fas com\u00fa i mesurat, ia transmetre&#8217;ls a un altre responsable del tractament. Quan sigui t\u00e8cnicament possible, el responsable del tractament transmetr\u00e0 les dades directament a aquesta altra persona responsable del tractament.<\/li>\n<li>Dret d&#8217;oposici\u00f3: \u00e9s el dret de l&#8217;usuari a no realitzar el tractament de les vostres dades personals o impedir-ne el tractament per part de <span style=\"font-weight: bold; font-size: 16px; font-style: normal;\">Reidesen<\/span><\/li>\n<li>Dret a no estar subjecte a una decisi\u00f3 basada \u00fanicament en el tractament automatitzat, inclosa l&#8217;elaboraci\u00f3 de perfils: El dret de l&#8217;usuari a no estar subjecte a una resoluci\u00f3 individualitzada basada \u00fanicament en el tractament automatitzat de dades personals, inclosa l&#8217;elaboraci\u00f3 de perfils.<\/li>\n<\/ul>\n<div> <\/div>\n<p>D&#8217;aquesta manera, l&#8217;usuari pot exercir els seus drets mitjan\u00e7ant una comunicaci\u00f3 escrita dirigida al responsable de la refer\u00e8ncia RGPD-www. <span style=\"font-size: 16px; font-style: normal; font-weight: 400;\">reidesen.com<\/span> \u00bb, especificant:<\/p>\n<ul>\n<li>Nom, cognom d&#8217;usuari i c\u00f2pia d&#8217;ID.<\/li>\n<li>En aquells casos en qu\u00e8 s&#8217;admeti la representaci\u00f3, tamb\u00e9 caldr\u00e0 identificar-se pels mateixos canals que la persona que representa l&#8217;usuari, aix\u00ed com el document que acrediti la representaci\u00f3.<\/li>\n<li>Una fotoc\u00f2pia del DNI podr\u00e0 ser substitu\u00efda per qualsevol altre mitj\u00e0 v\u00e0lid en el dret que acrediti la identitat.<\/li>\n<li>Petici\u00f3 amb les raons espec\u00edfiques de la sol\u00b7licitud o informaci\u00f3 a qu\u00e8 voleu accedir.<\/li>\n<li>Adre\u00e7a per a fins de notificaci\u00f3.<\/li>\n<li>Data i signatura del sol\u00b7licitant.<\/li>\n<li>Qualsevol document que certifiqui la vostra sol\u00b7licitud.<\/li>\n<\/ul>\n<div> <\/div>\n<p>Aquesta sol\u00b7licitud i qualsevol altre document adjunt es poden enviar al seg\u00fcent correu electr\u00f2nic: info@ <span style=\"font-size: 16px; font-style: normal; font-weight: 400;\">reidesen.com<\/span><\/p>\n<p><span style=\"font-size: 16px; font-style: normal; font-weight: 400;\"> <\/span><\/p>\n<p><b>Enlla\u00e7os a llocs web de tercers<\/b><\/p>\n<p>El lloc web pot incloure hipervincles o enlla\u00e7os que permeten l&#8217;acc\u00e9s a llocs web de tercers a <span style=\"font-size: 16px; font-style: normal; font-weight: bold; background-color: var(--ast-global-color-5);\">Reidesen<\/span> <span style=\"font-size: 16px; font-style: normal; font-weight: 400; background-color: var(--ast-global-color-5);\">,<\/span> <span style=\"font-size: 16px; background-color: var(--ast-global-color-5);\">i per tant no s\u00f3n operats per<\/span> <span style=\"font-size: 16px; font-style: normal; background-color: var(--ast-global-color-5); font-weight: bold;\">Reidesen<\/span><\/p>\n<p>Els titulars d&#8217;aquests llocs web tindran les pr\u00f2pies pol\u00edtiques de protecci\u00f3 de dades, ells mateixos, en cada cas, responsables dels seus propis arxius i de les pr\u00f2pies pr\u00e0ctiques de privadesa.<\/p>\n<\/p>\n<p><b>Queixes davant de l&#8217;autoritat supervisora<\/b><\/p>\n<p>En cas que l&#8217;usuari consideri que hi ha un problema o violaci\u00f3 de la normativa en qu\u00e8 es tracten les seves dades personals, tindr\u00e0 dret a la tutela judicial efectiva ia presentar una reclamaci\u00f3 davant d&#8217;una autoritat de control, en particular, a l&#8217;estat amb el que resideix habitualment, al seu lloc de treball o al lloc de presumpta infracci\u00f3.<\/p>\n<p>En el cas dEspanya, lautoritat de control \u00e9s lAg\u00e8ncia Espanyola de Protecci\u00f3 de Dades (http:\/\/www.agpd.es).<\/p>\n<\/p>\n<p><b>Acceptaci\u00f3 i modificaci\u00f3 d&#8217;aquesta pol\u00edtica de privadesa<\/b><\/p>\n<p>E<span style=\"font-size: 16px; font-family: var( --e-global-typography-text-font-family ); letter-spacing: var( --e-global-typography-text-letter-spacing );\">\u00c9s necessari que l&#8217;usuari hagi llegit i estigui d&#8217;acord amb les condicions de protecci\u00f3 de dades personals contingudes en aquesta pol\u00edtica de privadesa, aix\u00ed com que accepti el tractament de les seves dades personals perqu\u00e8 el responsable del tractament pugui procedir-hi al formulari , durant els terminis i per als fins indicats. <\/span><\/p>\n<p><span style=\"font-size: 16px; font-family: var( --e-global-typography-text-font-family ); letter-spacing: var( --e-global-typography-text-letter-spacing );\">L&#8217;\u00fas del lloc web implica l&#8217;acceptaci\u00f3 de la pol\u00edtica de privadesa.<\/span><\/p>\n<p><span style=\"font-size: 16px; font-style: normal; font-weight: bold; background-color: var(--ast-global-color-5);\">Reidesen<\/span> <span style=\"font-size: 16px; font-family: var( --e-global-typography-text-font-family ); letter-spacing: var( --e-global-typography-text-letter-spacing );\">es reserva el dret de modificar la seva pol\u00edtica de privadesa, a la seva discreci\u00f3 sencera, o motivada per un canvi legislatiu, jurisprudencial o doctrinal de l&#8217;Ag\u00e8ncia Espanyola de Protecci\u00f3 de Dades.<\/span> <\/p>\n<p><span style=\"font-size: 16px; font-family: var( --e-global-typography-text-font-family ); letter-spacing: var( --e-global-typography-text-letter-spacing );\">Els canvis o les actualitzacions d&#8217;aquesta pol\u00edtica de privadesa no es notificaran expl\u00edcitament a l&#8217;usuari. <\/span><\/p>\n<p><span style=\"font-size: 16px; font-family: var( --e-global-typography-text-font-family ); letter-spacing: var( --e-global-typography-text-letter-spacing );\">Es recomana a l&#8217;usuari que revisi aquesta p\u00e0gina peri\u00f2dicament per mantenir-se al dia dels darrers canvis o actualitzacions. <\/span><\/p>\n<p><span style=\"font-size: 16px; font-family: var( --e-global-typography-text-font-family ); letter-spacing: var( --e-global-typography-text-letter-spacing );\">Aquesta pol\u00edtica de privadesa es va actualitzar el 13 de setembre de 2020 per adaptar-se al Reglament (UE) 2016\/679 del Parlament Europeu i del Consell, de 27 d&#8217;abril de 2016, relatiu a la protecci\u00f3 de les persones f\u00edsiques pel que fa al tractament de dades personals ia la lliure circulaci\u00f3 d&#8217;aquestes dades 3\/2018<\/span><\/p>\n<h1><span style=\"font-size: 16px; font-family: var( --e-global-typography-text-font-family ); letter-spacing: var( --e-global-typography-text-letter-spacing );\"><b>5. POL\u00cdTICA DE COOKIES <\/b><\/span><\/h1>\n<p><span style=\"font-size: 16px; font-family: var( --e-global-typography-text-font-family ); letter-spacing: var( --e-global-typography-text-letter-spacing );\">L&#8217;acc\u00e9s a aquest lloc web pot implicar l&#8217;\u00fas de galetes. <\/span><\/p>\n<p><span style=\"font-size: 16px; font-family: var( --e-global-typography-text-font-family ); letter-spacing: var( --e-global-typography-text-letter-spacing );\">Les galetes s\u00f3n petites quantitats d&#8217;informaci\u00f3 que s&#8217;emmagatzemen al navegador utilitzat per cada usuari \u2013 en els diferents dispositius que podeu utilitzar per navegar \u2013 perqu\u00e8 el servidor recordi certa informaci\u00f3 que m\u00e9s tard i nom\u00e9s el servidor llegir\u00e0. <\/span><span style=\"font-family: var( --e-global-typography-text-font-family ); font-size: 16px; letter-spacing: var( --e-global-typography-text-letter-spacing );\">Les galetes faciliten la navegaci\u00f3 i no fan malb\u00e9 el dispositiu de navegaci\u00f3. <\/span><\/p>\n<p><span style=\"font-size: 16px; font-family: var( --e-global-typography-text-font-family ); letter-spacing: var( --e-global-typography-text-letter-spacing );\">Les cookies s\u00f3n procediments autom\u00e0tics per a la recopilaci\u00f3 d&#8217;informaci\u00f3 relacionada amb les prefer\u00e8ncies determinades per l&#8217;usuari durant la visita al lloc web amb l&#8217;objectiu de recon\u00e8ixer-lo com a usuari, i personalitzar la seva experi\u00e8ncia i \u00fas del lloc web, podent tamb\u00e9, per exemple, ajudar a identificar i resoldre errors. <\/span><\/p>\n<p><span style=\"font-size: 16px; font-family: var( --e-global-typography-text-font-family ); letter-spacing: var( --e-global-typography-text-letter-spacing );\">La informaci\u00f3 recopilada a trav\u00e9s de les galetes pot incloure la data i hora de les visites al lloc web, les p\u00e0gines visitades, el temps que ha estat al lloc web i els llocs visitats abans i despr\u00e9s. <\/span><\/p>\n<p><span style=\"font-size: 16px; font-family: var( --e-global-typography-text-font-family ); letter-spacing: var( --e-global-typography-text-letter-spacing );\">Tot i aix\u00f2, cap galeta permet a l&#8217;usuari posar-se en contacte amb el n\u00famero de tel\u00e8fon de l&#8217;usuari o qualsevol altre mitj\u00e0 de contacte personal. Cap galeta no pot extreure informaci\u00f3 del disc dur de l&#8217;usuari o robar informaci\u00f3 personal. L&#8217;\u00fanica manera com la informaci\u00f3 privada de l&#8217;usuari forma part del fitxer de galetes \u00e9s que l&#8217;usuari proporciona personalment aquesta informaci\u00f3 al servidor. Les galetes que permeten la identificaci\u00f3 d&#8217;una persona es consideren dades personals. Per tant, la pol\u00edtica de privadesa descrita anteriorment s&#8217;aplicar\u00e0 a ells. En aquest sentit, el consentiment de l&#8217;usuari ser\u00e0 necessari per utilitzar-los. Aquest consentiment es comunicar\u00e0 sobre la base d\u201funa acceptaci\u00f3 d\u201fautenticaci\u00f3, oferta per una decisi\u00f3 afirmativa i positiva, abans del tractament inicial, desmuntable i documentat. <\/span><\/p>\n<p><span style=\"font-size: 16px; font-family: var( --e-global-typography-text-font-family ); letter-spacing: var( --e-global-typography-text-letter-spacing );\"> <\/span><\/p>\n<p><span style=\"font-size: 16px; font-family: var( --e-global-typography-text-font-family ); letter-spacing: var( --e-global-typography-text-letter-spacing );\"><b>Cookies pr\u00f2pies<\/b> <\/span><\/p>\n<p><span style=\"font-size: 16px; font-family: var( --e-global-typography-text-font-family ); letter-spacing: var( --e-global-typography-text-letter-spacing );\">Aquestes cookies s&#8217;envien a l&#8217;ordinador o al dispositiu de l&#8217;usuari i s\u00f3n gestionades exclusivament per<\/span> <span style=\"font-weight: bold; font-size: 16px; font-style: normal;\">Reidesen<\/span> <span style=\"font-size: 16px; font-family: var( --e-global-typography-text-font-family ); letter-spacing: var( --e-global-typography-text-letter-spacing );\">per al millor funcionament del lloc web.<\/span> <\/p>\n<p><span style=\"font-size: 16px; font-family: var( --e-global-typography-text-font-family ); letter-spacing: var( --e-global-typography-text-letter-spacing );\">La informaci\u00f3 recopilada s&#8217;utilitza per millorar la qualitat del lloc web i el contingut i l&#8217;experi\u00e8ncia com a usuari. <\/span><\/p>\n<p><span style=\"font-size: 16px; font-family: var( --e-global-typography-text-font-family ); letter-spacing: var( --e-global-typography-text-letter-spacing );\">Aquestes galetes permeten a l&#8217;usuari ser reconegut com un visitant recurrent del lloc web i adaptar els continguts per oferir continguts que puguin adaptar-se a les seves prefer\u00e8ncies. <\/span><\/p>\n<p><span style=\"font-size: 16px; font-family: var( --e-global-typography-text-font-family ); letter-spacing: var( --e-global-typography-text-letter-spacing );\"> <\/span><\/p>\n<p><span style=\"font-size: 16px; font-family: var( --e-global-typography-text-font-family ); letter-spacing: var( --e-global-typography-text-letter-spacing );\"><b>Galetes de tercers<\/b> <\/span><\/p>\n<p><span style=\"font-size: 16px; font-family: var( --e-global-typography-text-font-family ); letter-spacing: var( --e-global-typography-text-letter-spacing );\">S\u00f3n cookies utilitzades i gestionades per entitats externes que presten a<\/span> <span style=\"font-weight: bold; font-size: 16px; font-style: normal;\">Reidesen<\/span> <span style=\"font-size: 16px; font-family: var( --e-global-typography-text-font-family ); letter-spacing: var( --e-global-typography-text-letter-spacing );\">els serveis sol\u00b7licitats per millorar el lloc web i l&#8217;experi\u00e8ncia de l&#8217;usuari en navegar per la p\u00e0gina web.<\/span> <\/p>\n<p><span style=\"font-size: 16px; font-family: var( --e-global-typography-text-font-family ); letter-spacing: var( --e-global-typography-text-letter-spacing );\">Els objectius principals pels quals s&#8217;utilitzen galetes de tercers s\u00f3n obtenir estad\u00edstiques d&#8217;acc\u00e9s i analitzar la informaci\u00f3 de navegaci\u00f3, \u00e9s a dir, com interactua amb l&#8217;usuari amb el lloc web. <\/span><\/p>\n<p><span style=\"font-size: 16px; font-family: var( --e-global-typography-text-font-family ); letter-spacing: var( --e-global-typography-text-letter-spacing );\">La informaci\u00f3 obtinguda es refereix, per exemple, al nombre de p\u00e0gines visitades, l&#8217;idioma, el lloc on accedeix l&#8217;adre\u00e7a IP des de la qual accedeix l&#8217;usuari, el nombre d&#8217;usuaris que accedeixen a la freq\u00fc\u00e8ncia i la reincid\u00e8ncia de les visites, el moment de la visita, el navegador que utilitza, l&#8217;operador o tipus de dispositiu des del qual es fa aquesta informaci\u00f3 s&#8217;utilitza per millorar el lloc web, i detectar noves necessitats per oferir als usuaris una qualitat \u00f2ptima. <\/span><\/p>\n<p><span style=\"font-size: 16px; font-family: var( --e-global-typography-text-font-family ); letter-spacing: var( --e-global-typography-text-letter-spacing );\">En qualsevol cas, la informaci\u00f3 es recopila de forma an\u00f2nima i els informes de tend\u00e8ncies es preparen des del lloc web sense identificar els usuaris individuals. <\/span><\/p>\n<p><span style=\"font-size: 16px; font-family: var( --e-global-typography-text-font-family ); letter-spacing: var( --e-global-typography-text-letter-spacing );\"> <\/span><\/p>\n<p><span style=\"font-family: var( --e-global-typography-text-font-family ); font-size: 16px; letter-spacing: var( --e-global-typography-text-letter-spacing );\"><b>Desactivar, rebutjar i eliminar cookies<\/b> <\/span><\/p>\n<p><span style=\"font-family: var( --e-global-typography-text-font-family ); font-size: 16px; letter-spacing: var( --e-global-typography-text-letter-spacing );\">L&#8217;usuari pot desactivar, rebutjar i eliminar les cookies, totalment o en part, instal\u00b7lades al dispositiu a trav\u00e9s de la configuraci\u00f3 del navegador (entre les quals es troben, per exemple, Chrome, Firefox, Safari, Explorer). <\/span><span style=\"font-family: var( --e-global-typography-text-font-family ); font-size: 16px; letter-spacing: var( --e-global-typography-text-letter-spacing );\">En aquest sentit, els procediments per rebutjar i eliminar les galetes poden diferir d&#8217;un navegador d&#8217;Internet a un altre. <\/span><span style=\"font-family: var( --e-global-typography-text-font-family ); font-size: 16px; letter-spacing: var( --e-global-typography-text-letter-spacing );\">En conseq\u00fc\u00e8ncia, lusuari ha de rec\u00f3rrer a les instruccions proporcionades pel navegador dInternet utilitzat. <\/span><\/p>\n<p><span style=\"font-family: var( --e-global-typography-text-font-family ); font-size: 16px; letter-spacing: var( --e-global-typography-text-letter-spacing );\">Si rebutgeu l&#8217;\u00fas de cookies, totalment o parcialment, podeu continuar o abandonar el lloc web, encara que pot haver limitat l&#8217;\u00fas d&#8217;algunes de les seves funcionalitats. <\/span><\/p>\n<p><span style=\"font-family: var( --e-global-typography-text-font-family ); font-size: 16px; letter-spacing: var( --e-global-typography-text-letter-spacing );\"> <\/span><\/p>\n<p><span style=\"font-family: var( --e-global-typography-text-font-family ); font-size: 16px; letter-spacing: var( --e-global-typography-text-letter-spacing );\"><b>Canvis en la pol\u00edtica de cookies<\/b> <\/span><\/p>\n<p><span style=\"font-family: var( --e-global-typography-text-font-family ); font-size: 16px; letter-spacing: var( --e-global-typography-text-letter-spacing );\">La pol\u00edtica de galetes del lloc web es pot canviar o actualitzar, per la qual cosa es recomana que l&#8217;usuari revisi aquesta pol\u00edtica cada vegada que accedeixi al lloc web per tal d&#8217;estar degudament informat sobre com i per a qu\u00e8 utilitzem les galetes. <\/span><\/p>\n<p><span style=\"font-family: var( --e-global-typography-text-font-family ); font-size: 16px; letter-spacing: var( --e-global-typography-text-letter-spacing );\"> <\/span><\/p>\n<\/p>\n<p><b>6. POL\u00cdTICA D&#8217;ENLLA\u00c7OS<\/b><\/p>\n<p>S&#8217;informa que el lloc web de <span style=\"font-weight: bold; font-size: 16px; font-style: normal;\">Reidesen<\/span> posa o pot posar a disposici\u00f3 dels usuaris mitjans d&#8217;enlla\u00e7 (per exemple, per\u00f2 no limitat a enlla\u00e7os, banners, botons i cercadors que permeten als usuaris accedir a llocs web propietat i\/o gestionats per tercers). La finalitat de la instal\u00b7laci\u00f3 daquests enlla\u00e7os, directoris i motors de cerca al lloc web \u00e9s proporcionar als usuaris cerca i acc\u00e9s a la informaci\u00f3 disponible a Internet, sense que es consideri un suggeriment, una invitaci\u00f3 a realitzar una visita.<\/p>\n<p>Els productes i\/o serveis disponibles en aquests llocs enlla\u00e7ats s\u00f3n oferts o comercialitzats per tercers o mitjan\u00e7ant un tercer.<\/p>\n<p>Aix\u00ed mateix, no garantir\u00e0 la disponibilitat t\u00e8cnica, exactitud, veracitat, legalitat validesa o dels llocs fora de la seva propietat a qu\u00e8 es pugui accedir a trav\u00e9s dels enlla\u00e7os.<\/p>\n<p>En cap cas no es revisa o controla el contingut d&#8217;altres llocs web, ni aprova, examina o posseeix els productes i serveis, continguts, arxius i qualsevol altre material existent en aquests llocs enlla\u00e7ats.<\/p>\n<p><span style=\"font-size: 16px; font-style: normal; font-weight: bold; background-color: var(--ast-global-color-5);\">Reidesen<\/span> no assumeix cap responsabilitat pels danys i perjudicis que puguin ocasionar-se per l&#8217;acc\u00e9s, l&#8217;\u00fas, la qualitat o la legalitat dels continguts, comunicacions, opinions, productes i serveis dels llocs web no gestionats per <span style=\"font-weight: bold; font-size: 16px; font-style: normal;\">Reidesen<\/span> i\/o vinculat a aquest lloc web.<\/p>\n<p>L&#8217;usuari o tercer que faci un hiperenlla\u00e7 a un lloc web fora d&#8217;un lloc web del lloc web de <span style=\"font-weight: bold; font-size: 16px; font-style: normal;\">Reidesen<\/span> sabr\u00e0 que:<\/p>\n<ul>\n<li>Queda prohibida la reproducci\u00f3 total o parcial de qualsevol dels continguts i\/o serveis del lloc web sense lautoritzaci\u00f3 expressa de <span style=\"font-weight: bold; font-size: 16px; font-style: normal;\">Reidesen<\/span><\/li>\n<li>No es permeten declaracions falses, inexactes o incorrectes al lloc web de <span style=\"font-weight: bold; font-size: 16px; font-style: normal;\">Reidesen<\/span> , ni sobre els continguts i\/o serveis dels mateixos.<\/li>\n<li>A excepci\u00f3 de l&#8217;hiperenlla\u00e7, la p\u00e0gina web on s&#8217;estableixi l&#8217;hiperenlla\u00e7 no contindr\u00e0 cap element d&#8217;aquest lloc web, protegit com a propietat intel\u00b7lectual per l&#8217;ordenament jur\u00eddic espanyol, llevat d&#8217;autoritzaci\u00f3 expressa de <span style=\"font-weight: bold; font-size: 16px; font-style: normal;\">Reidesen<\/span> .<\/li>\n<li>L&#8217;establiment de l&#8217;hiperenlla\u00e7 no implicar\u00e0 l&#8217;exist\u00e8ncia de relacions entre <span style=\"font-weight: bold; font-size: 16px; font-style: normal;\">Reidesen<\/span> i el titular de la p\u00e0gina web des de la qual es realitza, ni el coneixement i l&#8217;acceptaci\u00f3 de <span style=\"font-weight: bold; font-size: 16px; font-style: normal;\">Reidesen<\/span> dels continguts, serveis i\/o activitats oferts en aquest lloc web, i viceversa.<\/li>\n<\/ul>\n<div> <\/div>\n<div> <\/div>\n<p><b>7. PROPIETAT INTEL\u00b7LECTUAL I INDUSTRIAL <\/b><\/p>\n<p>El mateix <span style=\"font-weight: bold; font-size: 16px; font-style: normal;\">Reidesen<\/span> \u00e9s titular de tots els drets de propietat intel\u00b7lectual i industrial del lloc web, aix\u00ed com dels elements continguts en aquest (inclosos, entre d&#8217;altres, imatges, so, \u00e0udio, v\u00eddeo, programari o textos, marques comercials o logotips, combinacions de colors , estructura i disseny, selecci\u00f3 de materials utilitzats, programari necessari per a l&#8217;operaci\u00f3, acc\u00e9s i \u00fas, etc.).<\/p>\n<p>Per tant, seran obres protegides com a propietat intel\u00b7lectual per l&#8217;ordenament jur\u00eddic espanyol, i ser\u00e0 aplicable tant a la legislaci\u00f3 espanyola i de la UE en aquest \u00e0mbit, aix\u00ed com internacional relacionada amb el tema i signada per Espanya.<\/p>\n<p>Tots els drets reservats.<\/p>\n<p>De conformitat amb el que disposa la Llei de Propietat Intel\u00b7lectual, queda expressament prohibida la reproducci\u00f3, distribuci\u00f3 i comunicaci\u00f3 p\u00fablica, inclosa la seva modalitat de posada a disposici\u00f3, la totalitat o part dels continguts d&#8217;aquest lloc web, amb finalitats comercials, en qualsevol suport i per qualsevol mitj\u00e0 t\u00e8cnic, sense l&#8217;autoritzaci\u00f3 de <span style=\"font-weight: bold; font-size: 16px; font-style: normal;\">Reidesen.<\/span><\/p>\n<p>L&#8217;usuari es compromet a respectar els drets de propietat intel\u00b7lectual i industrial de <span style=\"font-weight: bold; font-size: 16px; font-style: normal;\">Reidesen.<\/span><\/p>\n<p>Podeu veure els elements del lloc web o fins i tot imprimir-los, copiar-los i emmagatzemar-los al disc dur del vostre ordinador o qualsevol altre medi f\u00edsic, sempre que sigui exclusivament per al seu \u00fas personal. Tot i aix\u00f2, l&#8217;usuari no pot eliminar, alterar, evadir o manipular cap dispositiu de protecci\u00f3 o sistema de seguretat que s&#8217;hagi instal\u00b7lat al lloc web.<\/p>\n<p>En cas que l&#8217;usuari o tercer consideri que algun dels continguts del lloc web constitueix una violaci\u00f3 dels drets de protecci\u00f3 de la propietat intel\u00b7lectual, haur\u00e0 de notificar immediatament a <span style=\"font-weight: bold; font-size: 16px; font-style: normal;\">Reidesen<\/span> a trav\u00e9s de les dades de contacte de la secci\u00f3 Informaci\u00f3 general de les condicions generals d\u00fas daquest av\u00eds legal.<\/p>\n<\/p>\n<p><b>8. ACCIONS LEGALS, LEGISLACI\u00d3 APLICABLE I JURISDICCI\u00d3<\/b><\/p>\n<p><span style=\"font-size: 16px; font-style: normal; font-weight: bold; background-color: var(--ast-global-color-5);\">Reidesen<\/span> es reserva el dret de presentar accions civils o penals que considerin oportunes pel mal \u00fas del lloc web i els seus continguts, o per incompliment de condicions.<\/p>\n<p>La relaci\u00f3 entre l&#8217;usuari i <span style=\"font-weight: bold; font-size: 16px; font-style: normal;\">Reidesen<\/span> es regir\u00e0 per la normativa vigent i aplicable al territori espanyol.<\/p>\n<p>Si sorgeix alguna controv\u00e8rsia respecte a la interpretaci\u00f3 i\/o aplicaci\u00f3 d&#8217;aquests termes, les parts han de sotmetre les seves controv\u00e8rsies a la jurisdicci\u00f3 ordin\u00e0ria per presentar els jutges i els tribunals pertinents.<\/p>\n<\/p>\n<p>\u00daltima modificaci\u00f3: 1 de novembre de 2022<\/p>\n\t\t\t\t\t\t<\/div>\n\t\t\t\t<\/div>\n\t\t\t\t<\/div>\n\t\t\t\t\t<\/div>\n\t\t\t\t<\/div>\n\t\t\t\t\t\t\t<\/div>\n\t\t","protected":false},"excerpt":{"rendered":"<p>AV\u00cdS LEGAL, CONDICIONS GENERALS D&#8217;\u00daS I POL\u00cdTICA DE COOKIES 1. INFORMACI\u00d3 GENERAL En compliment del deure informaci\u00f3 previst a la Llei 34\/2002 de Serveis de la Societat de la Informaci\u00f3 i Comer\u00e7 Electr\u00f2nic (LSSI-CE), d&#8217;11 de juliol, a continuaci\u00f3 es presenten les dades generals d&#8217;aquest lloc web: La titularitat de aquest lloc web, www.reidesen.com, (d&#8217;ara [&hellip;]<\/p>\n","protected":false},"author":1,"featured_media":0,"parent":0,"menu_order":0,"comment_status":"closed","ping_status":"open","template":"elementor_header_footer","meta":{"footnotes":""},"_links":{"self":[{"href":"https:\/\/www.reidesen.com\/ca\/wp-json\/wp\/v2\/pages\/335"}],"collection":[{"href":"https:\/\/www.reidesen.com\/ca\/wp-json\/wp\/v2\/pages"}],"about":[{"href":"https:\/\/www.reidesen.com\/ca\/wp-json\/wp\/v2\/types\/page"}],"author":[{"embeddable":true,"href":"https:\/\/www.reidesen.com\/ca\/wp-json\/wp\/v2\/users\/1"}],"replies":[{"embeddable":true,"href":"https:\/\/www.reidesen.com\/ca\/wp-json\/wp\/v2\/comments?post=335"}],"version-history":[{"count":0,"href":"https:\/\/www.reidesen.com\/ca\/wp-json\/wp\/v2\/pages\/335\/revisions"}],"wp:attachment":[{"href":"https:\/\/www.reidesen.com\/ca\/wp-json\/wp\/v2\/media?parent=335"}],"curies":[{"name":"wp","href":"https:\/\/api.w.org\/{rel}","templated":true}]}}